{"id":156,"date":"2023-02-10T00:46:47","date_gmt":"2023-02-10T00:46:47","guid":{"rendered":"https:\/\/ofdm.pcen.pl\/?page_id=156"},"modified":"2025-06-22T22:43:44","modified_gmt":"2025-06-22T22:43:44","slug":"wydarzenia","status":"publish","type":"page","link":"https:\/\/ofdm.pcen.pl\/index.php\/wydarzenia\/","title":{"rendered":"WYDARZENIA"},"content":{"rendered":"\t\t<div data-elementor-type=\"wp-page\" data-elementor-id=\"156\" class=\"elementor elementor-156\">\n\t\t\t\t\t\t<section class=\"elementor-section elementor-top-section elementor-element elementor-element-1b16ca0 elementor-section-boxed elementor-section-height-default elementor-section-height-default\" data-id=\"1b16ca0\" data-element_type=\"section\" data-e-type=\"section\">\n\t\t\t\t\t\t<div class=\"elementor-container elementor-column-gap-default\">\n\t\t\t\t\t<div class=\"elementor-column elementor-col-50 elementor-top-column elementor-element elementor-element-d24f0bb\" data-id=\"d24f0bb\" data-element_type=\"column\" data-e-type=\"column\">\n\t\t\t<div class=\"elementor-widget-wrap elementor-element-populated\">\n\t\t\t\t\t\t<div class=\"elementor-element elementor-element-d870a31 elementor-widget elementor-widget-text-editor\" data-id=\"d870a31\" data-element_type=\"widget\" data-e-type=\"widget\" data-widget_type=\"text-editor.default\">\n\t\t\t\t<div class=\"elementor-widget-container\">\n\t\t\t\t\t\t\t\t\t<p>Kolejny malarski projekt za nami. Ma\u0142gorzata Kusz wraz z nauczycielami plstyki w swjej sieci, pokaza\u0142a niezwyk\u0142\u0105 si\u0142\u0119 pracy tw\u00f3rczej. Tym razem w \u0141a\u0144cucie. Zapraszamy do obejrzenia skr\u00f3tu reporterskiego z tego wydarzenia.\u00a0<\/p>\t\t\t\t\t\t\t\t<\/div>\n\t\t\t\t<\/div>\n\t\t\t\t\t<\/div>\n\t\t<\/div>\n\t\t\t\t<div class=\"elementor-column elementor-col-50 elementor-top-column elementor-element elementor-element-aa66d60\" data-id=\"aa66d60\" data-element_type=\"column\" data-e-type=\"column\">\n\t\t\t<div class=\"elementor-widget-wrap elementor-element-populated\">\n\t\t\t\t\t\t<div class=\"elementor-element elementor-element-76d2c1c elementor-widget elementor-widget-video\" data-id=\"76d2c1c\" data-element_type=\"widget\" data-e-type=\"widget\" data-settings=\"{&quot;youtube_url&quot;:&quot;https:\\\/\\\/youtu.be\\\/ef-mhpg_DaU&quot;,&quot;video_type&quot;:&quot;youtube&quot;,&quot;controls&quot;:&quot;yes&quot;}\" data-widget_type=\"video.default\">\n\t\t\t\t<div class=\"elementor-widget-container\">\n\t\t\t\t\t\t\t<div class=\"elementor-wrapper elementor-open-inline\">\n\t\t\t<div class=\"elementor-video\"><\/div>\t\t<\/div>\n\t\t\t\t\t\t<\/div>\n\t\t\t\t<\/div>\n\t\t\t\t\t<\/div>\n\t\t<\/div>\n\t\t\t\t\t<\/div>\n\t\t<\/section>\n\t\t\t\t<section class=\"elementor-section elementor-top-section elementor-element elementor-element-9cea4b8 elementor-section-boxed elementor-section-height-default elementor-section-height-default\" data-id=\"9cea4b8\" data-element_type=\"section\" data-e-type=\"section\">\n\t\t\t\t\t\t<div class=\"elementor-container elementor-column-gap-default\">\n\t\t\t\t\t<div class=\"elementor-column elementor-col-50 elementor-top-column elementor-element elementor-element-39a8cae\" data-id=\"39a8cae\" data-element_type=\"column\" data-e-type=\"column\">\n\t\t\t<div class=\"elementor-widget-wrap elementor-element-populated\">\n\t\t\t\t\t\t<div class=\"elementor-element elementor-element-f2de391 elementor-arrows-position-inside elementor-pagination-position-outside elementor-widget elementor-widget-image-carousel\" data-id=\"f2de391\" data-element_type=\"widget\" data-e-type=\"widget\" data-settings=\"{&quot;slides_to_show&quot;:&quot;1&quot;,&quot;navigation&quot;:&quot;both&quot;,&quot;autoplay&quot;:&quot;yes&quot;,&quot;pause_on_hover&quot;:&quot;yes&quot;,&quot;pause_on_interaction&quot;:&quot;yes&quot;,&quot;autoplay_speed&quot;:5000,&quot;infinite&quot;:&quot;yes&quot;,&quot;effect&quot;:&quot;slide&quot;,&quot;speed&quot;:500}\" data-widget_type=\"image-carousel.default\">\n\t\t\t\t<div class=\"elementor-widget-container\">\n\t\t\t\t\t\t\t<div class=\"elementor-image-carousel-wrapper swiper\" role=\"region\" aria-roledescription=\"carousel\" aria-label=\"Karuzela obrazk\u00f3w\" dir=\"ltr\">\n\t\t\t<div class=\"elementor-image-carousel swiper-wrapper\" aria-live=\"off\">\n\t\t\t\t\t\t\t\t<div class=\"swiper-slide\" role=\"group\" aria-roledescription=\"slide\" aria-label=\"1 z 4\"><figure class=\"swiper-slide-inner\"><img decoding=\"async\" class=\"swiper-slide-image\" src=\"https:\/\/ofdm.pcen.pl\/wp-content\/uploads\/2025\/06\/504099469_681530971523574_6768644554481704158_n.jpg\" alt=\"504099469_681530971523574_6768644554481704158_n\" \/><\/figure><\/div><div class=\"swiper-slide\" role=\"group\" aria-roledescription=\"slide\" aria-label=\"2 z 4\"><figure class=\"swiper-slide-inner\"><img decoding=\"async\" class=\"swiper-slide-image\" src=\"https:\/\/ofdm.pcen.pl\/wp-content\/uploads\/2025\/06\/503976646_681530988190239_8236383503028927918_n.jpg\" alt=\"503976646_681530988190239_8236383503028927918_n\" \/><\/figure><\/div><div class=\"swiper-slide\" role=\"group\" aria-roledescription=\"slide\" aria-label=\"3 z 4\"><figure class=\"swiper-slide-inner\"><img decoding=\"async\" class=\"swiper-slide-image\" src=\"https:\/\/ofdm.pcen.pl\/wp-content\/uploads\/2025\/06\/503350507_681531128190225_4486676028498488266_n.jpg\" alt=\"503350507_681531128190225_4486676028498488266_n\" \/><\/figure><\/div><div class=\"swiper-slide\" role=\"group\" aria-roledescription=\"slide\" aria-label=\"4 z 4\"><figure class=\"swiper-slide-inner\"><img decoding=\"async\" class=\"swiper-slide-image\" src=\"https:\/\/ofdm.pcen.pl\/wp-content\/uploads\/2025\/06\/503350511_681530981523573_2605587733348169690_n.jpg\" alt=\"503350511_681530981523573_2605587733348169690_n\" \/><\/figure><\/div>\t\t\t<\/div>\n\t\t\t\t\t\t\t\t\t\t\t\t<div class=\"elementor-swiper-button elementor-swiper-button-prev\" role=\"button\" tabindex=\"0\">\n\t\t\t\t\t\t<i aria-hidden=\"true\" class=\"eicon-chevron-left\"><\/i>\t\t\t\t\t<\/div>\n\t\t\t\t\t<div class=\"elementor-swiper-button elementor-swiper-button-next\" role=\"button\" tabindex=\"0\">\n\t\t\t\t\t\t<i aria-hidden=\"true\" class=\"eicon-chevron-right\"><\/i>\t\t\t\t\t<\/div>\n\t\t\t\t\n\t\t\t\t\t\t\t\t\t<div class=\"swiper-pagination\"><\/div>\n\t\t\t\t\t\t\t\t\t<\/div>\n\t\t\t\t\t\t<\/div>\n\t\t\t\t<\/div>\n\t\t\t\t\t<\/div>\n\t\t<\/div>\n\t\t\t\t<div class=\"elementor-column elementor-col-50 elementor-top-column elementor-element elementor-element-5e673ab\" data-id=\"5e673ab\" data-element_type=\"column\" data-e-type=\"column\">\n\t\t\t<div class=\"elementor-widget-wrap elementor-element-populated\">\n\t\t\t\t\t\t<div class=\"elementor-element elementor-element-7842e4a elementor-widget elementor-widget-text-editor\" data-id=\"7842e4a\" data-element_type=\"widget\" data-e-type=\"widget\" data-widget_type=\"text-editor.default\">\n\t\t\t\t<div class=\"elementor-widget-container\">\n\t\t\t\t\t\t\t\t\t<div class=\"xdj266r x14z9mp xat24cr x1lziwak x1vvkbs x126k92a\"><div dir=\"auto\">Za nami rok pe\u0142en wyzwa\u0144 i kreatywnych dzia\u0142a\u0144 wok\u00f3\u0142 jednego, niezwykle wa\u017cnego tematu \u2013 drzewa &#8211; symbol \u017cycia, m\u0105dro\u015bci i r\u00f3wnowagi w przyrodzie. W ci\u0105gu ostatnich miesi\u0119cy uczniowie podejmowali szereg dzia\u0142a\u0144 interdyscyplinarnych, \u0142\u0105cz\u0105c nauk\u0119 z ekologi\u0105, sztuk\u0105, histori\u0105 i technologi\u0105<span class=\"html-span xexx8yu xyri2b x18d9i69 x1c1uobl x1hl2dhg x16tdsg8 x1vvkbs x3nfvp2 x1j61x8r x1fcty0u xdj266r xat24cr xm2jcoa x1mpyi22 xxymvpz xlup9mm x1kky2od\"><img decoding=\"async\" class=\"xz74otr x15mokao x1ga7v0g x16uus16 xbiv7yw\" src=\"https:\/\/static.xx.fbcdn.net\/images\/emoji.php\/v9\/t6b\/1\/16\/1f333.png\" alt=\"\ud83c\udf33\" width=\"16\" height=\"16\" \/><\/span>. Nasz zielony przyjaciel by\u0142 inspiracj\u0105 do nauki, sztuki, eksperyment\u00f3w i wsp\u00f3lnego dzia\u0142ania.<\/div><\/div><div class=\"x14z9mp xat24cr x1lziwak x1vvkbs xtlvy1s x126k92a\"><div dir=\"auto\">W dniu 3 czerwca kilkunastu nauczycieli wzi\u0119li udzia\u0142 w podsumowanie ca\u0142orocznego projektu edukacyjnego \u201eDrzewo \u2013 zielonych przyjaciel cz\u0142owieka\u201d podczas pikniku nauki \u201e\u015awiat wok\u00f3\u0142 nas\u201d, kt\u00f3ry odby\u0142 si\u0119 w Szkole Podstawowej w Ka\u0144czudze. Podczas pikniku nasi m\u0142odzi odkrywcy zaprezentowali efekty swojej pracy \u2013 od eksperyment\u00f3w, przez gry dydaktyczne, a\u017c po pokazy naukowe.<\/div><\/div>\t\t\t\t\t\t\t\t<\/div>\n\t\t\t\t<\/div>\n\t\t\t\t\t<\/div>\n\t\t<\/div>\n\t\t\t\t\t<\/div>\n\t\t<\/section>\n\t\t\t\t<section class=\"elementor-section elementor-top-section elementor-element elementor-element-fe6af90 elementor-section-boxed elementor-section-height-default elementor-section-height-default\" data-id=\"fe6af90\" data-element_type=\"section\" data-e-type=\"section\">\n\t\t\t\t\t\t<div class=\"elementor-container elementor-column-gap-default\">\n\t\t\t\t\t<div class=\"elementor-column elementor-col-50 elementor-top-column elementor-element elementor-element-1bcc7f0\" data-id=\"1bcc7f0\" data-element_type=\"column\" data-e-type=\"column\">\n\t\t\t<div class=\"elementor-widget-wrap elementor-element-populated\">\n\t\t\t\t\t\t<div class=\"elementor-element elementor-element-ca4e56b elementor-widget elementor-widget-text-editor\" data-id=\"ca4e56b\" data-element_type=\"widget\" data-e-type=\"widget\" data-widget_type=\"text-editor.default\">\n\t\t\t\t<div class=\"elementor-widget-container\">\n\t\t\t\t\t\t\t\t\t<div class=\"xdj266r x14z9mp xat24cr x1lziwak x1vvkbs x126k92a\"><div dir=\"auto\">P<b>ETARDA WYDARZENIE!<\/b><\/div><div dir=\"auto\">Gala fina\u0142owa konkursu \u201eAttractions of my little homeland\u201d pod honorowym patronatem Podkarpackiego Kuratora O\u015bwiaty i Marsza\u0142ka Wojew\u00f3dztwa Podkarpackiego ju\u017c za nami \u2013 i co to by\u0142 za fina\u0142!\u00a0<\/div><\/div><div class=\"x14z9mp xat24cr x1lziwak x1vvkbs xtlvy1s x126k92a\"><div dir=\"auto\"><span class=\"html-span xexx8yu xyri2b x18d9i69 x1c1uobl x1hl2dhg x16tdsg8 x1vvkbs x3nfvp2 x1j61x8r x1fcty0u xdj266r xat24cr xm2jcoa x1mpyi22 xxymvpz xlup9mm x1kky2od\"><img decoding=\"async\" class=\"xz74otr x15mokao x1ga7v0g x16uus16 xbiv7yw\" src=\"https:\/\/static.xx.fbcdn.net\/images\/emoji.php\/v9\/t2d\/1\/16\/1f3ac.png\" alt=\"\ud83c\udfac\" width=\"16\" height=\"16\" \/><\/span> 110 uczni\u00f3w, 30 szk\u00f3\u0142 z ca\u0142ego Podkarpacia, 52 niesamowite filmy \u2013 kreatywno\u015b\u0107, pasja i lokalna duma w najlepszym wydaniu!\u00a0 Zach\u0119camy do obejrzenia zwyci\u0119skiego filmu w konkursie.\u00a0<\/div><\/div><div class=\"x14z9mp xat24cr x1lziwak x1vvkbs xtlvy1s x126k92a\"><div dir=\"auto\">\u00a0<\/div><\/div><div class=\"x14z9mp xat24cr x1lziwak x1vvkbs xtlvy1s x126k92a\">\u00a0<\/div>\t\t\t\t\t\t\t\t<\/div>\n\t\t\t\t<\/div>\n\t\t\t\t\t<\/div>\n\t\t<\/div>\n\t\t\t\t<div class=\"elementor-column elementor-col-50 elementor-top-column elementor-element elementor-element-fbbd013\" data-id=\"fbbd013\" data-element_type=\"column\" data-e-type=\"column\">\n\t\t\t<div class=\"elementor-widget-wrap elementor-element-populated\">\n\t\t\t\t\t\t<div class=\"elementor-element elementor-element-604ca49 elementor-widget elementor-widget-video\" data-id=\"604ca49\" data-element_type=\"widget\" data-e-type=\"widget\" data-settings=\"{&quot;youtube_url&quot;:&quot;https:\\\/\\\/www.youtube.com\\\/watch?v=MympvItFHFs&quot;,&quot;video_type&quot;:&quot;youtube&quot;,&quot;controls&quot;:&quot;yes&quot;}\" data-widget_type=\"video.default\">\n\t\t\t\t<div class=\"elementor-widget-container\">\n\t\t\t\t\t\t\t<div class=\"elementor-wrapper elementor-open-inline\">\n\t\t\t<div class=\"elementor-video\"><\/div>\t\t<\/div>\n\t\t\t\t\t\t<\/div>\n\t\t\t\t<\/div>\n\t\t\t\t\t<\/div>\n\t\t<\/div>\n\t\t\t\t\t<\/div>\n\t\t<\/section>\n\t\t\t\t<section class=\"elementor-section elementor-top-section elementor-element elementor-element-46a7aea elementor-section-boxed elementor-section-height-default elementor-section-height-default\" data-id=\"46a7aea\" data-element_type=\"section\" data-e-type=\"section\">\n\t\t\t\t\t\t<div class=\"elementor-container elementor-column-gap-default\">\n\t\t\t\t\t<div class=\"elementor-column elementor-col-50 elementor-top-column elementor-element elementor-element-ed2f497\" data-id=\"ed2f497\" data-element_type=\"column\" data-e-type=\"column\">\n\t\t\t<div class=\"elementor-widget-wrap elementor-element-populated\">\n\t\t\t\t\t\t<div class=\"elementor-element elementor-element-cc697b0 elementor-arrows-position-inside elementor-pagination-position-outside elementor-widget elementor-widget-image-carousel\" data-id=\"cc697b0\" data-element_type=\"widget\" data-e-type=\"widget\" data-settings=\"{&quot;slides_to_show&quot;:&quot;1&quot;,&quot;navigation&quot;:&quot;both&quot;,&quot;autoplay&quot;:&quot;yes&quot;,&quot;pause_on_hover&quot;:&quot;yes&quot;,&quot;pause_on_interaction&quot;:&quot;yes&quot;,&quot;autoplay_speed&quot;:5000,&quot;infinite&quot;:&quot;yes&quot;,&quot;effect&quot;:&quot;slide&quot;,&quot;speed&quot;:500}\" data-widget_type=\"image-carousel.default\">\n\t\t\t\t<div class=\"elementor-widget-container\">\n\t\t\t\t\t\t\t<div class=\"elementor-image-carousel-wrapper swiper\" role=\"region\" aria-roledescription=\"carousel\" aria-label=\"Karuzela obrazk\u00f3w\" dir=\"ltr\">\n\t\t\t<div class=\"elementor-image-carousel swiper-wrapper\" aria-live=\"off\">\n\t\t\t\t\t\t\t\t<div class=\"swiper-slide\" role=\"group\" aria-roledescription=\"slide\" aria-label=\"1 z 4\"><figure class=\"swiper-slide-inner\"><img decoding=\"async\" class=\"swiper-slide-image\" src=\"https:\/\/ofdm.pcen.pl\/wp-content\/uploads\/2025\/06\/508830178_122205453398103426_6412064969614980455_n-1024x681.jpg\" alt=\"508830178_122205453398103426_6412064969614980455_n\" \/><\/figure><\/div><div class=\"swiper-slide\" role=\"group\" aria-roledescription=\"slide\" aria-label=\"2 z 4\"><figure class=\"swiper-slide-inner\"><img decoding=\"async\" class=\"swiper-slide-image\" src=\"https:\/\/ofdm.pcen.pl\/wp-content\/uploads\/2025\/06\/508129470_122205453338103426_6454711391752733804_n-1024x681.jpg\" alt=\"508129470_122205453338103426_6454711391752733804_n\" \/><\/figure><\/div><div class=\"swiper-slide\" role=\"group\" aria-roledescription=\"slide\" aria-label=\"3 z 4\"><figure class=\"swiper-slide-inner\"><img decoding=\"async\" class=\"swiper-slide-image\" src=\"https:\/\/ofdm.pcen.pl\/wp-content\/uploads\/2025\/06\/508183451_122205451724103426_7909897047147671263_n-1024x768.jpg\" alt=\"508183451_122205451724103426_7909897047147671263_n\" \/><\/figure><\/div><div class=\"swiper-slide\" role=\"group\" aria-roledescription=\"slide\" aria-label=\"4 z 4\"><figure class=\"swiper-slide-inner\"><img decoding=\"async\" class=\"swiper-slide-image\" src=\"https:\/\/ofdm.pcen.pl\/wp-content\/uploads\/2025\/06\/508603248_122205451604103426_1112142335445752286_n-982x1024.jpg\" alt=\"508603248_122205451604103426_1112142335445752286_n\" \/><\/figure><\/div>\t\t\t<\/div>\n\t\t\t\t\t\t\t\t\t\t\t\t<div class=\"elementor-swiper-button elementor-swiper-button-prev\" role=\"button\" tabindex=\"0\">\n\t\t\t\t\t\t<i aria-hidden=\"true\" class=\"eicon-chevron-left\"><\/i>\t\t\t\t\t<\/div>\n\t\t\t\t\t<div class=\"elementor-swiper-button elementor-swiper-button-next\" role=\"button\" tabindex=\"0\">\n\t\t\t\t\t\t<i aria-hidden=\"true\" class=\"eicon-chevron-right\"><\/i>\t\t\t\t\t<\/div>\n\t\t\t\t\n\t\t\t\t\t\t\t\t\t<div class=\"swiper-pagination\"><\/div>\n\t\t\t\t\t\t\t\t\t<\/div>\n\t\t\t\t\t\t<\/div>\n\t\t\t\t<\/div>\n\t\t\t\t\t<\/div>\n\t\t<\/div>\n\t\t\t\t<div class=\"elementor-column elementor-col-50 elementor-top-column elementor-element elementor-element-4f9bc6b\" data-id=\"4f9bc6b\" data-element_type=\"column\" data-e-type=\"column\">\n\t\t\t<div class=\"elementor-widget-wrap elementor-element-populated\">\n\t\t\t\t\t\t<div class=\"elementor-element elementor-element-260e906 elementor-widget elementor-widget-text-editor\" data-id=\"260e906\" data-element_type=\"widget\" data-e-type=\"widget\" data-widget_type=\"text-editor.default\">\n\t\t\t\t<div class=\"elementor-widget-container\">\n\t\t\t\t\t\t\t\t\t<div dir=\"auto\">Bajkowa konferencja <span class=\"html-span xexx8yu xyri2b x18d9i69 x1c1uobl x1hl2dhg x16tdsg8 x1vvkbs x3nfvp2 x1j61x8r x1fcty0u xdj266r xat24cr xm2jcoa x1mpyi22 xxymvpz xlup9mm x1kky2od\"><img decoding=\"async\" class=\"xz74otr x15mokao x1ga7v0g x16uus16 xbiv7yw\" src=\"https:\/\/static.xx.fbcdn.net\/images\/emoji.php\/v9\/tb8\/1\/16\/1f38e.png\" alt=\"\ud83c\udf8e\" width=\"16\" height=\"16\" \/><\/span><span class=\"html-span xexx8yu xyri2b x18d9i69 x1c1uobl x1hl2dhg x16tdsg8 x1vvkbs x3nfvp2 x1j61x8r x1fcty0u xdj266r xat24cr xm2jcoa x1mpyi22 xxymvpz xlup9mm x1kky2od\"><img loading=\"lazy\" decoding=\"async\" class=\"xz74otr x15mokao x1ga7v0g x16uus16 xbiv7yw\" src=\"https:\/\/static.xx.fbcdn.net\/images\/emoji.php\/v9\/t49\/1\/16\/1f4da.png\" alt=\"\ud83d\udcda\" width=\"16\" height=\"16\" \/><\/span><span class=\"html-span xexx8yu xyri2b x18d9i69 x1c1uobl x1hl2dhg x16tdsg8 x1vvkbs x3nfvp2 x1j61x8r x1fcty0u xdj266r xat24cr xm2jcoa x1mpyi22 xxymvpz xlup9mm x1kky2od\"><img loading=\"lazy\" decoding=\"async\" class=\"xz74otr x15mokao x1ga7v0g x16uus16 xbiv7yw\" src=\"https:\/\/static.xx.fbcdn.net\/images\/emoji.php\/v9\/t5f\/1\/16\/1f31e.png\" alt=\"\ud83c\udf1e\" width=\"16\" height=\"16\" \/><\/span><\/div><div dir=\"auto\">\u201eDawno, dawno temu\u2026 a mo\u017ce jednak nie tak dawno bo w dniu 12 czerwca 2025 roku jako doradca metodyczny wychowania przedszkolnego w PCEN Rzesz\u00f3w Oddzia\u0142 w Przemy\u015blu zorganizowa\u0142am konferencja przedmiotowo \u2013 metodyczn\u0105 \u201eInspirowane Bajk\u0105. O warto\u015bci czytania i tw\u00f3rczego opowiadania w przedszkolu\u201d. <span class=\"html-span xexx8yu xyri2b x18d9i69 x1c1uobl x1hl2dhg x16tdsg8 x1vvkbs x3nfvp2 x1j61x8r x1fcty0u xdj266r xat24cr xm2jcoa x1mpyi22 xxymvpz xlup9mm x1kky2od\"><img loading=\"lazy\" decoding=\"async\" class=\"xz74otr x15mokao x1ga7v0g x16uus16 xbiv7yw\" src=\"https:\/\/static.xx.fbcdn.net\/images\/emoji.php\/v9\/tbb\/1\/16\/1f98b.png\" alt=\"\ud83e\udd8b\" width=\"16\" height=\"16\" \/><\/span><span class=\"html-span xexx8yu xyri2b x18d9i69 x1c1uobl x1hl2dhg x16tdsg8 x1vvkbs x3nfvp2 x1j61x8r x1fcty0u xdj266r xat24cr xm2jcoa x1mpyi22 xxymvpz xlup9mm x1kky2od\"><img loading=\"lazy\" decoding=\"async\" class=\"xz74otr x15mokao x1ga7v0g x16uus16 xbiv7yw\" src=\"https:\/\/static.xx.fbcdn.net\/images\/emoji.php\/v9\/td2\/1\/16\/1f604.png\" alt=\"\ud83d\ude04\" width=\"16\" height=\"16\" \/><\/span><span class=\"html-span xexx8yu xyri2b x18d9i69 x1c1uobl x1hl2dhg x16tdsg8 x1vvkbs x3nfvp2 x1j61x8r x1fcty0u xdj266r xat24cr xm2jcoa x1mpyi22 xxymvpz xlup9mm x1kky2od\"><img loading=\"lazy\" decoding=\"async\" class=\"xz74otr x15mokao x1ga7v0g x16uus16 xbiv7yw\" src=\"https:\/\/static.xx.fbcdn.net\/images\/emoji.php\/v9\/t1e\/1\/16\/1f33f.png\" alt=\"\ud83c\udf3f\" width=\"16\" height=\"16\" \/><\/span><\/div><div dir=\"auto\">To niezwyk\u0142e wydarzenie odby\u0142o si\u0119 w Miejskiej Bibliotece Publicznej im. Aleksandra Fredry w Jaros\u0142awiu. Mi\u0142e popo\u0142udnie, w bajkowej oprawie zapewnili wyj\u0105tkowi go\u015bcie i wspaniali nauczyciele. <span class=\"html-span xexx8yu xyri2b x18d9i69 x1c1uobl x1hl2dhg x16tdsg8 x1vvkbs x3nfvp2 x1j61x8r x1fcty0u xdj266r xat24cr xm2jcoa x1mpyi22 xxymvpz xlup9mm x1kky2od\"><img loading=\"lazy\" decoding=\"async\" class=\"xz74otr x15mokao x1ga7v0g x16uus16 xbiv7yw\" src=\"https:\/\/static.xx.fbcdn.net\/images\/emoji.php\/v9\/tfc\/1\/16\/1f44d.png\" alt=\"\ud83d\udc4d\" width=\"16\" height=\"16\" \/><\/span><span class=\"html-span xexx8yu xyri2b x18d9i69 x1c1uobl x1hl2dhg x16tdsg8 x1vvkbs x3nfvp2 x1j61x8r x1fcty0u xdj266r xat24cr xm2jcoa x1mpyi22 xxymvpz xlup9mm x1kky2od\"><img loading=\"lazy\" decoding=\"async\" class=\"xz74otr x15mokao x1ga7v0g x16uus16 xbiv7yw\" src=\"https:\/\/static.xx.fbcdn.net\/images\/emoji.php\/v9\/tfc\/1\/16\/1f44d.png\" alt=\"\ud83d\udc4d\" width=\"16\" height=\"16\" \/><\/span><span class=\"html-span xexx8yu xyri2b x18d9i69 x1c1uobl x1hl2dhg x16tdsg8 x1vvkbs x3nfvp2 x1j61x8r x1fcty0u xdj266r xat24cr xm2jcoa x1mpyi22 xxymvpz xlup9mm x1kky2od\"><img loading=\"lazy\" decoding=\"async\" class=\"xz74otr x15mokao x1ga7v0g x16uus16 xbiv7yw\" src=\"https:\/\/static.xx.fbcdn.net\/images\/emoji.php\/v9\/tfc\/1\/16\/1f44d.png\" alt=\"\ud83d\udc4d\" width=\"16\" height=\"16\" \/><\/span><\/div>\t\t\t\t\t\t\t\t<\/div>\n\t\t\t\t<\/div>\n\t\t\t\t\t<\/div>\n\t\t<\/div>\n\t\t\t\t\t<\/div>\n\t\t<\/section>\n\t\t\t\t<section class=\"elementor-section elementor-top-section elementor-element elementor-element-6d96f7e elementor-section-boxed elementor-section-height-default elementor-section-height-default\" data-id=\"6d96f7e\" data-element_type=\"section\" data-e-type=\"section\">\n\t\t\t\t\t\t<div class=\"elementor-container elementor-column-gap-default\">\n\t\t\t\t\t<div class=\"elementor-column elementor-col-50 elementor-top-column elementor-element elementor-element-62326e6\" data-id=\"62326e6\" data-element_type=\"column\" data-e-type=\"column\">\n\t\t\t<div class=\"elementor-widget-wrap elementor-element-populated\">\n\t\t\t\t\t\t<div class=\"elementor-element elementor-element-0a920b2 elementor-widget__width-initial elementor-widget elementor-widget-video\" data-id=\"0a920b2\" data-element_type=\"widget\" data-e-type=\"widget\" data-settings=\"{&quot;youtube_url&quot;:&quot;https:\\\/\\\/youtu.be\\\/09YV6nviP_U&quot;,&quot;video_type&quot;:&quot;youtube&quot;,&quot;controls&quot;:&quot;yes&quot;}\" data-widget_type=\"video.default\">\n\t\t\t\t<div class=\"elementor-widget-container\">\n\t\t\t\t\t\t\t<div class=\"elementor-wrapper elementor-open-inline\">\n\t\t\t<div class=\"elementor-video\"><\/div>\t\t<\/div>\n\t\t\t\t\t\t<\/div>\n\t\t\t\t<\/div>\n\t\t\t\t\t<\/div>\n\t\t<\/div>\n\t\t\t\t<div class=\"elementor-column elementor-col-50 elementor-top-column elementor-element elementor-element-2510e5d\" data-id=\"2510e5d\" data-element_type=\"column\" data-e-type=\"column\">\n\t\t\t<div class=\"elementor-widget-wrap elementor-element-populated\">\n\t\t\t\t\t\t<div class=\"elementor-element elementor-element-10a166f elementor-widget elementor-widget-text-editor\" data-id=\"10a166f\" data-element_type=\"widget\" data-e-type=\"widget\" data-widget_type=\"text-editor.default\">\n\t\t\t\t<div class=\"elementor-widget-container\">\n\t\t\t\t\t\t\t\t\t<p><strong>B\u0142ogos\u0142awiona Rodzino Ulm\u00f3w &#8211; Wzorze mi\u0142o\u015bci\u00a0 \u00a0 \u00a0 \u00a0 \u00a0 \u00a0 \u00a0 \u00a0 \u00a0 \u00a0 \u00a0 \u00a0 \u00a0i mi\u0142osierdzia. Kolejne dzia\u0142anie w ramach projektu &#8220;Opowiemy Wam o Ulmach&#8221;<\/strong> Marta Ulma-Baran i Malgorzata Bebenek &#8211; nauczyciele doradcy metodyczni zorganizowali wspanialy konkurs plastyczny. O celu konkursu w filmowej relacji m\u00f3wi Marta Ulma Baran.\u00a0<\/p>\t\t\t\t\t\t\t\t<\/div>\n\t\t\t\t<\/div>\n\t\t\t\t\t<\/div>\n\t\t<\/div>\n\t\t\t\t\t<\/div>\n\t\t<\/section>\n\t\t\t\t<section class=\"elementor-section elementor-top-section elementor-element elementor-element-d29dfa3 elementor-section-boxed elementor-section-height-default elementor-section-height-default\" data-id=\"d29dfa3\" data-element_type=\"section\" data-e-type=\"section\">\n\t\t\t\t\t\t<div class=\"elementor-container elementor-column-gap-default\">\n\t\t\t\t\t<div class=\"elementor-column elementor-col-50 elementor-top-column elementor-element elementor-element-8c45f4a\" data-id=\"8c45f4a\" data-element_type=\"column\" data-e-type=\"column\">\n\t\t\t<div class=\"elementor-widget-wrap elementor-element-populated\">\n\t\t\t\t\t\t<div class=\"elementor-element elementor-element-9bc26b8 elementor-widget__width-initial elementor-widget elementor-widget-video\" data-id=\"9bc26b8\" data-element_type=\"widget\" data-e-type=\"widget\" data-settings=\"{&quot;youtube_url&quot;:&quot;https:\\\/\\\/youtu.be\\\/ZXUzJut_BC8&quot;,&quot;video_type&quot;:&quot;youtube&quot;,&quot;controls&quot;:&quot;yes&quot;}\" data-widget_type=\"video.default\">\n\t\t\t\t<div class=\"elementor-widget-container\">\n\t\t\t\t\t\t\t<div class=\"elementor-wrapper elementor-open-inline\">\n\t\t\t<div class=\"elementor-video\"><\/div>\t\t<\/div>\n\t\t\t\t\t\t<\/div>\n\t\t\t\t<\/div>\n\t\t\t\t\t<\/div>\n\t\t<\/div>\n\t\t\t\t<div class=\"elementor-column elementor-col-50 elementor-top-column elementor-element elementor-element-788f05a\" data-id=\"788f05a\" data-element_type=\"column\" data-e-type=\"column\">\n\t\t\t<div class=\"elementor-widget-wrap elementor-element-populated\">\n\t\t\t\t\t\t<div class=\"elementor-element elementor-element-cc500d8 elementor-widget elementor-widget-text-editor\" data-id=\"cc500d8\" data-element_type=\"widget\" data-e-type=\"widget\" data-widget_type=\"text-editor.default\">\n\t\t\t\t<div class=\"elementor-widget-container\">\n\t\t\t\t\t\t\t\t\t<p style=\"text-align: left;\">Znaczek pocztowy z B\u0142ogos\u0142awion\u0105 Rodzin\u0105 Ulmow z Markowej ? &#8211; Czemu nie ! <strong>Agata Inglot jest autorem \u015bwietnego pomys\u0142u konkursowego o randze wojew\u00f3dzkiej.<\/strong> Projekt znaczka pocztowego &#8211; jako propozycja komkursowa zach\u0119ci\u0142 dzieci i m\u0142odzie\u017c ze szk\u00f3\u0142 podstawowych Podkarpacia do plastycznej pracy i pr\u00f3by swoich si\u0142. <strong>Pedagogiczne\u00a0 \u00a0 \u00a0 \u00a0 \u00a0 \u00a0 \u00a0 \u00a0 \u00a0 \u00a0 \u00a0i wychowawcze warto\u015bci tego typu dydaktycznego\u00a0 \u00a0 \u00a0 \u00a0 \u00a0 \u00a0 \u00a0 \u00a0 \u00a0 \u00a0 i metodycznego dzialania okazaly si\u0119 niezwykle trafne. 200 prac uczniowskich &#8211; to dwustu m\u0142odych ludzi, kt\u00f3rzy poznali losy Ulm\u00f3w, prze\u017cyli na sw\u00f3j spos\u00f3b t\u0105 wiedz\u0119, zrozumieli ich heroizm i zechcieli\u00a0 podzieli\u0107 si\u0119 swoim spojrzeniem.\u00a0<\/strong><\/p>\t\t\t\t\t\t\t\t<\/div>\n\t\t\t\t<\/div>\n\t\t\t\t\t<\/div>\n\t\t<\/div>\n\t\t\t\t\t<\/div>\n\t\t<\/section>\n\t\t\t\t<section class=\"elementor-section elementor-top-section elementor-element elementor-element-8398939 elementor-section-boxed elementor-section-height-default elementor-section-height-default\" data-id=\"8398939\" data-element_type=\"section\" data-e-type=\"section\">\n\t\t\t\t\t\t<div class=\"elementor-container elementor-column-gap-default\">\n\t\t\t\t\t<div class=\"elementor-column elementor-col-50 elementor-top-column elementor-element elementor-element-1962271\" data-id=\"1962271\" data-element_type=\"column\" data-e-type=\"column\">\n\t\t\t<div class=\"elementor-widget-wrap elementor-element-populated\">\n\t\t\t\t\t\t<div class=\"elementor-element elementor-element-a6bd5a4 elementor-widget__width-initial elementor-widget elementor-widget-image\" data-id=\"a6bd5a4\" data-element_type=\"widget\" data-e-type=\"widget\" data-widget_type=\"image.default\">\n\t\t\t\t<div class=\"elementor-widget-container\">\n\t\t\t\t\t\t\t\t\t\t\t\t\t\t\t<img loading=\"lazy\" decoding=\"async\" width=\"640\" height=\"360\" src=\"https:\/\/ofdm.pcen.pl\/wp-content\/uploads\/2023\/12\/Laureaci-1024x576.jpg\" class=\"attachment-large size-large wp-image-1611\" alt=\"\" srcset=\"https:\/\/ofdm.pcen.pl\/wp-content\/uploads\/2023\/12\/Laureaci-1024x576.jpg 1024w, https:\/\/ofdm.pcen.pl\/wp-content\/uploads\/2023\/12\/Laureaci-300x169.jpg 300w, https:\/\/ofdm.pcen.pl\/wp-content\/uploads\/2023\/12\/Laureaci-768x432.jpg 768w, https:\/\/ofdm.pcen.pl\/wp-content\/uploads\/2023\/12\/Laureaci-1536x864.jpg 1536w, https:\/\/ofdm.pcen.pl\/wp-content\/uploads\/2023\/12\/Laureaci.jpg 2048w\" sizes=\"(max-width: 640px) 100vw, 640px\" \/>\t\t\t\t\t\t\t\t\t\t\t\t\t\t\t<\/div>\n\t\t\t\t<\/div>\n\t\t\t\t\t<\/div>\n\t\t<\/div>\n\t\t\t\t<div class=\"elementor-column elementor-col-50 elementor-top-column elementor-element elementor-element-3aa9c68\" data-id=\"3aa9c68\" data-element_type=\"column\" data-e-type=\"column\">\n\t\t\t<div class=\"elementor-widget-wrap elementor-element-populated\">\n\t\t\t\t\t\t<div class=\"elementor-element elementor-element-d3482e1 elementor-widget__width-initial elementor-widget elementor-widget-text-editor\" data-id=\"d3482e1\" data-element_type=\"widget\" data-e-type=\"widget\" data-widget_type=\"text-editor.default\">\n\t\t\t\t<div class=\"elementor-widget-container\">\n\t\t\t\t\t\t\t\t\t<p>&#8220;Rodzina wczoraj i dzi\u015b&#8221; &#8211;\u00a0 Konkurs rozstrzygni\u0119ty !!! <strong>516 prac z ca\u0142ej Polski to nie lada wyzwanie dla Juror\u00f3w.<\/strong> Posr\u00f3d r\u00f3\u017cnorakich technik, sposob\u00f3w operowania \u015brodkami wyrazu <strong>temat rodziny wybrzmia\u0142 mocno i przekonuj\u0105co ! To pi\u0119kny wyraz i \u015bwiadectwo pracy wychowawczej rodzic\u00f3w i nauczycieli.\u00a0<\/strong> Gala konkursowa w przepi\u0119knych okoliczno\u015bciach Pa\u0142acu Dzieduszyckich w Zarzeczu dope\u0142ni\u0142a tego og\u00f3lnopolskiego wydarzenia. <strong>Jak podkre\u015blaj\u0105 organizatorzy: Marta Ulma &#8211; Baran i Ma\u0142gorzata B\u0119benek\u00a0 doradcy metodyczni PZPW w Rzeszowie, odpowied\u017a na zaproszenie konkusowe przeros\u0142a naj\u015bmielsze oczekiwania.<\/strong> Konkurs jest wpisany w szeroki projekt Nauczycieli Doradc\u00f3w Metodycznych pod nazw\u0105 <strong>&#8220;Opowiemy Wam o Ulmach&#8221; pod honorowym patronatem Ministra Edukacji.\u00a0 Protok\u00f3\u0142 Jury:\u00a0<a href=\"https:\/\/drive.google.com\/file\/d\/1zBlZM5ZnRorNmiRIEGK2VJYc7Sbwpm6v\/view?usp=sharing\" target=\"_blank\" rel=\"noopener\">CZYTAJ<\/a><\/strong><\/p>\t\t\t\t\t\t\t\t<\/div>\n\t\t\t\t<\/div>\n\t\t\t\t\t<\/div>\n\t\t<\/div>\n\t\t\t\t\t<\/div>\n\t\t<\/section>\n\t\t\t\t<section class=\"elementor-section elementor-top-section elementor-element elementor-element-ea10e92 elementor-section-boxed elementor-section-height-default elementor-section-height-default\" data-id=\"ea10e92\" data-element_type=\"section\" data-e-type=\"section\">\n\t\t\t\t\t\t<div class=\"elementor-container elementor-column-gap-default\">\n\t\t\t\t\t<div class=\"elementor-column elementor-col-100 elementor-top-column elementor-element elementor-element-17deda6\" data-id=\"17deda6\" data-element_type=\"column\" data-e-type=\"column\">\n\t\t\t<div class=\"elementor-widget-wrap elementor-element-populated\">\n\t\t\t\t\t\t<div class=\"elementor-element elementor-element-9e1b18e elementor-widget elementor-widget-text-editor\" data-id=\"9e1b18e\" data-element_type=\"widget\" data-e-type=\"widget\" data-widget_type=\"text-editor.default\">\n\t\t\t\t<div class=\"elementor-widget-container\">\n\t\t\t\t\t\t\t\t\t<div dir=\"auto\">Kochani &#8230;. Dzieje si\u0119 !!! W auli Urz\u0119du Marsza\u0142kowskiego prezentowana jest obecnie wystawa, kt\u00f3rej uroczyste otwarcie nast\u0105pi\u0142o w dniu 6 grudnia 2023. Wernisa\u017c otworzy\u0142 <strong>Marsza\u0142ek Wojew\u00f3dztwa Podkarpackiego<\/strong> <strong>W\u0142adys\u0142aw Ortyl<\/strong> a w\u015br\u00f3d go\u015bci znale\u017ali si\u0119: <strong>Podkarpacki Kurator O\u015bwiaty Ma\u0142gorzata Rauch, Wojewoda Podkarpacki Jolanta Sawicka.<\/strong><\/div><div dir=\"auto\"><p>Ale co najwa\u017cniejsze:\u00a0<span style=\"font-size: 14px; color: var( --e-global-color-text );\">To cudowni <strong>NAUCZYCIELE PLASTYKI<\/strong> <\/span><span class=\"x3nfvp2 x1j61x8r x1fcty0u xdj266r xhhsvwb xat24cr xgzva0m xxymvpz xlup9mm x1kky2od\" style=\"font-size: 14px; color: var( --e-global-color-text );\"><img loading=\"lazy\" decoding=\"async\" class=\"xz74otr\" src=\"https:\/\/static.xx.fbcdn.net\/images\/emoji.php\/v9\/t75\/1\/16\/1f618.png\" alt=\"\ud83d\ude18\" width=\"16\" height=\"16\" \/><\/span><span class=\"x3nfvp2 x1j61x8r x1fcty0u xdj266r xhhsvwb xat24cr xgzva0m xxymvpz xlup9mm x1kky2od\" style=\"font-size: 14px; color: var( --e-global-color-text );\"><img loading=\"lazy\" decoding=\"async\" class=\"xz74otr\" src=\"https:\/\/static.xx.fbcdn.net\/images\/emoji.php\/v9\/t68\/1\/16\/1f495.png\" alt=\"\ud83d\udc95\" width=\"16\" height=\"16\" \/><\/span><span style=\"font-size: 14px; color: var( --e-global-color-text );\"><strong> z Podkarpacia<\/strong> obna\u017cyli sw\u00f3j talent, swoje my\u015bli i serca w pracach po\u015bwi\u0119conych S\u0142gom Bo\u017cym Rodzinie Ulmow.\u00a0<\/span><span style=\"font-size: 14px; color: var( --e-global-color-text );\">Dwa malarskie plenery kt\u00f3re zorganizowa\u0142a <\/span><a class=\"x1i10hfl xjbqb8w x6umtig x1b1mbwd xaqea5y xav7gou x9f619 x1ypdohk xt0psk2 xe8uvvx xdj266r x11i5rnm xat24cr x1mh8g0r xexx8yu x4uap5 x18d9i69 xkhd6sd x16tdsg8 x1hl2dhg xggy1nq x1a2a7pz xt0b8zv x1qq9wsj xo1l8bm\" style=\"font-size: 14px;\" tabindex=\"0\" role=\"link\" href=\"https:\/\/www.facebook.com\/mmkusz?__cft__[0]=AZUdbPOEvlaC5Fd3cLfzcZWBqUSpGB40qFlcK4XxD-_xEic56HSveHipvp7msuMXNxztYNFTNBd0j1euX-LaTeQEUTMSt1C7pCED8vp11ooC9PPf94kGVbe8ccKArNyjVbrAGhOtVQpO-et_vPyFLmtu-pX8hI_m2im7ERZ2k0r0V8UirS0USami8wmi63u_bDs&amp;__tn__=-]K-R\"><span class=\"xt0psk2\">Ma\u0142gorzata Kusz<\/span><\/a> <span class=\"x3nfvp2 x1j61x8r x1fcty0u xdj266r xhhsvwb xat24cr xgzva0m xxymvpz xlup9mm x1kky2od\" style=\"font-size: 14px; color: var( --e-global-color-text );\"><img loading=\"lazy\" decoding=\"async\" class=\"xz74otr\" src=\"https:\/\/static.xx.fbcdn.net\/images\/emoji.php\/v9\/t68\/1\/16\/1f495.png\" alt=\"\ud83d\udc95\" width=\"16\" height=\"16\" \/><\/span><span class=\"x3nfvp2 x1j61x8r x1fcty0u xdj266r xhhsvwb xat24cr xgzva0m xxymvpz xlup9mm x1kky2od\" style=\"font-size: 14px; color: var( --e-global-color-text );\"><img loading=\"lazy\" decoding=\"async\" class=\"xz74otr\" src=\"https:\/\/static.xx.fbcdn.net\/images\/emoji.php\/v9\/t68\/1\/16\/1f495.png\" alt=\"\ud83d\udc95\" width=\"16\" height=\"16\" \/><\/span><span class=\"x3nfvp2 x1j61x8r x1fcty0u xdj266r xhhsvwb xat24cr xgzva0m xxymvpz xlup9mm x1kky2od\" style=\"font-size: 14px; color: var( --e-global-color-text );\"><img loading=\"lazy\" decoding=\"async\" class=\"xz74otr\" src=\"https:\/\/static.xx.fbcdn.net\/images\/emoji.php\/v9\/t68\/1\/16\/1f495.png\" alt=\"\ud83d\udc95\" width=\"16\" height=\"16\" \/><\/span><span class=\"x3nfvp2 x1j61x8r x1fcty0u xdj266r xhhsvwb xat24cr xgzva0m xxymvpz xlup9mm x1kky2od\" style=\"font-size: 14px; color: var( --e-global-color-text );\"><img loading=\"lazy\" decoding=\"async\" class=\"xz74otr\" src=\"https:\/\/static.xx.fbcdn.net\/images\/emoji.php\/v9\/t68\/1\/16\/1f495.png\" alt=\"\ud83d\udc95\" width=\"16\" height=\"16\" \/><\/span><span style=\"font-size: 14px; color: var( --e-global-color-text );\"><span style=\"font-size: 14px; color: var( --e-global-color-text );\">nasza kole\u017canka metodyczka zaoowocowa\u0142y bogactwem kolorow, faktur, kontrast\u00f3w aby swoim plastycznym j\u0119zykiem sprowadzi\u0107 nas do reflksji, zadumy, przemy\u015ble\u0144. Wystawa czynna do 21.11.2023 &#8211; warto&#8230; naprawd\u0119 warto to zobaczy\u0107. Autorami prac s\u0105:\u00a0<\/span><\/span><strong><span style=\"font-size: 14px; color: var( --e-global-color-text );\">Alberska Renata, B\u0119benek Ma\u0142gorzata, Bia\u0142och &#8211; Tereszak Ewelina, B\u0142achuta Agnieszka,\u00a0<\/span><span style=\"font-size: 14px; color: var( --e-global-color-text );\">Brzezicka Anna,Caban Ewa, Cie\u015bla Joanna, D\u0119bicka Halina, Gawi\u0144ska Ewa,\u00a0<\/span><span style=\"font-size: 14px; color: var( --e-global-color-text );\">Grabowski Dariusz, Korzec Andrzej, Kusz Ma\u0142gorzata, Liskowicz Izabela,\u00a0<\/span><span style=\"font-size: 14px; color: var( --e-global-color-text );\">Magry\u015b Dorota, Mazepa Aneta, Mi\u0119dlar Iwona, Misiura Anna, Moniak &#8211; R\u00f3\u017ca\u0144ska Ewa,\u00a0<\/span><span style=\"font-size: 14px; color: var( --e-global-color-text );\">Opak Andrzej, Osmyk Andrzej, Pi\u0119ta Ma\u0142gorzata, Przewo\u017anik Roman, Regu\u0142a Bogus\u0142aw,\u00a0<\/span><span style=\"font-size: 14px; color: var( --e-global-color-text );\">Tymoczko Anna, Opali\u0144ska &#8211; Starzec Sylwia.<\/span><\/strong><\/p><p><strong><span style=\"font-size: 14px; color: var( --e-global-color-text );\">LINK do pe\u0142nej galerii plenerowej:\u00a0<a href=\"https:\/\/ofdm.my.canva.site\/plener-ulmowie\" target=\"_blank\" rel=\"noopener\">ZOBACZ<\/a><\/span><\/strong><\/p><\/div>\t\t\t\t\t\t\t\t<\/div>\n\t\t\t\t<\/div>\n\t\t\t\t\t<\/div>\n\t\t<\/div>\n\t\t\t\t\t<\/div>\n\t\t<\/section>\n\t\t\t\t<section class=\"elementor-section elementor-top-section elementor-element elementor-element-852aff3 elementor-section-boxed elementor-section-height-default elementor-section-height-default\" data-id=\"852aff3\" data-element_type=\"section\" data-e-type=\"section\">\n\t\t\t\t\t\t<div class=\"elementor-container elementor-column-gap-default\">\n\t\t\t\t\t<div class=\"elementor-column elementor-col-100 elementor-top-column elementor-element elementor-element-a452c47\" data-id=\"a452c47\" data-element_type=\"column\" data-e-type=\"column\">\n\t\t\t<div class=\"elementor-widget-wrap elementor-element-populated\">\n\t\t\t\t\t\t<div class=\"elementor-element elementor-element-11b8f0a elementor-widget elementor-widget-image-gallery\" data-id=\"11b8f0a\" data-element_type=\"widget\" data-e-type=\"widget\" data-widget_type=\"image-gallery.default\">\n\t\t\t\t<div class=\"elementor-widget-container\">\n\t\t\t\t\t\t\t<div class=\"elementor-image-gallery\">\n\t\t\t<div id='gallery-1' class='gallery galleryid-156 gallery-columns-4 gallery-size-thumbnail'><figure class='gallery-item'>\n\t\t\t<div class='gallery-icon landscape'>\n\t\t\t\t<a data-elementor-open-lightbox=\"yes\" data-elementor-lightbox-slideshow=\"11b8f0a\" data-elementor-lightbox-title=\"IMG_8852\" data-e-action-hash=\"#elementor-action%3Aaction%3Dlightbox%26settings%3DeyJpZCI6MTU4MywidXJsIjoiaHR0cHM6XC9cL29mZG0ucGNlbi5wbFwvd3AtY29udGVudFwvdXBsb2Fkc1wvMjAyM1wvMTJcL0lNR184ODUyLXNjYWxlZC5qcGVnIiwic2xpZGVzaG93IjoiMTFiOGYwYSJ9\" href='https:\/\/ofdm.pcen.pl\/wp-content\/uploads\/2023\/12\/IMG_8852-scaled.jpeg'><img loading=\"lazy\" decoding=\"async\" width=\"150\" height=\"150\" src=\"https:\/\/ofdm.pcen.pl\/wp-content\/uploads\/2023\/12\/IMG_8852-150x150.jpeg\" class=\"attachment-thumbnail size-thumbnail\" alt=\"\" srcset=\"https:\/\/ofdm.pcen.pl\/wp-content\/uploads\/2023\/12\/IMG_8852-150x150.jpeg 150w, https:\/\/ofdm.pcen.pl\/wp-content\/uploads\/2023\/12\/IMG_8852-300x300.jpeg 300w, https:\/\/ofdm.pcen.pl\/wp-content\/uploads\/2023\/12\/IMG_8852-600x600.jpeg 600w, https:\/\/ofdm.pcen.pl\/wp-content\/uploads\/2023\/12\/IMG_8852-1024x1024.jpeg 1024w\" sizes=\"(max-width: 150px) 100vw, 150px\" \/><\/a>\n\t\t\t<\/div><\/figure><figure class='gallery-item'>\n\t\t\t<div class='gallery-icon landscape'>\n\t\t\t\t<a data-elementor-open-lightbox=\"yes\" data-elementor-lightbox-slideshow=\"11b8f0a\" data-elementor-lightbox-title=\"IMG_8849\" data-e-action-hash=\"#elementor-action%3Aaction%3Dlightbox%26settings%3DeyJpZCI6MTU4MiwidXJsIjoiaHR0cHM6XC9cL29mZG0ucGNlbi5wbFwvd3AtY29udGVudFwvdXBsb2Fkc1wvMjAyM1wvMTJcL0lNR184ODQ5LXNjYWxlZC5qcGVnIiwic2xpZGVzaG93IjoiMTFiOGYwYSJ9\" href='https:\/\/ofdm.pcen.pl\/wp-content\/uploads\/2023\/12\/IMG_8849-scaled.jpeg'><img loading=\"lazy\" decoding=\"async\" width=\"150\" height=\"150\" src=\"https:\/\/ofdm.pcen.pl\/wp-content\/uploads\/2023\/12\/IMG_8849-150x150.jpeg\" class=\"attachment-thumbnail size-thumbnail\" alt=\"\" srcset=\"https:\/\/ofdm.pcen.pl\/wp-content\/uploads\/2023\/12\/IMG_8849-150x150.jpeg 150w, https:\/\/ofdm.pcen.pl\/wp-content\/uploads\/2023\/12\/IMG_8849-300x300.jpeg 300w, https:\/\/ofdm.pcen.pl\/wp-content\/uploads\/2023\/12\/IMG_8849-600x600.jpeg 600w, https:\/\/ofdm.pcen.pl\/wp-content\/uploads\/2023\/12\/IMG_8849-1024x1024.jpeg 1024w\" sizes=\"(max-width: 150px) 100vw, 150px\" \/><\/a>\n\t\t\t<\/div><\/figure><figure class='gallery-item'>\n\t\t\t<div class='gallery-icon landscape'>\n\t\t\t\t<a data-elementor-open-lightbox=\"yes\" data-elementor-lightbox-slideshow=\"11b8f0a\" data-elementor-lightbox-title=\"IMG_8847\" data-e-action-hash=\"#elementor-action%3Aaction%3Dlightbox%26settings%3DeyJpZCI6MTU4MSwidXJsIjoiaHR0cHM6XC9cL29mZG0ucGNlbi5wbFwvd3AtY29udGVudFwvdXBsb2Fkc1wvMjAyM1wvMTJcL0lNR184ODQ3LXNjYWxlZC5qcGVnIiwic2xpZGVzaG93IjoiMTFiOGYwYSJ9\" href='https:\/\/ofdm.pcen.pl\/wp-content\/uploads\/2023\/12\/IMG_8847-scaled.jpeg'><img loading=\"lazy\" decoding=\"async\" width=\"150\" height=\"150\" src=\"https:\/\/ofdm.pcen.pl\/wp-content\/uploads\/2023\/12\/IMG_8847-150x150.jpeg\" class=\"attachment-thumbnail size-thumbnail\" alt=\"\" srcset=\"https:\/\/ofdm.pcen.pl\/wp-content\/uploads\/2023\/12\/IMG_8847-150x150.jpeg 150w, https:\/\/ofdm.pcen.pl\/wp-content\/uploads\/2023\/12\/IMG_8847-300x300.jpeg 300w, https:\/\/ofdm.pcen.pl\/wp-content\/uploads\/2023\/12\/IMG_8847-600x600.jpeg 600w, https:\/\/ofdm.pcen.pl\/wp-content\/uploads\/2023\/12\/IMG_8847-1024x1024.jpeg 1024w\" sizes=\"(max-width: 150px) 100vw, 150px\" \/><\/a>\n\t\t\t<\/div><\/figure><figure class='gallery-item'>\n\t\t\t<div class='gallery-icon landscape'>\n\t\t\t\t<a data-elementor-open-lightbox=\"yes\" data-elementor-lightbox-slideshow=\"11b8f0a\" data-elementor-lightbox-title=\"IMG_8846\" data-e-action-hash=\"#elementor-action%3Aaction%3Dlightbox%26settings%3DeyJpZCI6MTU4MCwidXJsIjoiaHR0cHM6XC9cL29mZG0ucGNlbi5wbFwvd3AtY29udGVudFwvdXBsb2Fkc1wvMjAyM1wvMTJcL0lNR184ODQ2LXNjYWxlZC5qcGVnIiwic2xpZGVzaG93IjoiMTFiOGYwYSJ9\" href='https:\/\/ofdm.pcen.pl\/wp-content\/uploads\/2023\/12\/IMG_8846-scaled.jpeg'><img loading=\"lazy\" decoding=\"async\" width=\"150\" height=\"150\" src=\"https:\/\/ofdm.pcen.pl\/wp-content\/uploads\/2023\/12\/IMG_8846-150x150.jpeg\" class=\"attachment-thumbnail size-thumbnail\" alt=\"\" srcset=\"https:\/\/ofdm.pcen.pl\/wp-content\/uploads\/2023\/12\/IMG_8846-150x150.jpeg 150w, https:\/\/ofdm.pcen.pl\/wp-content\/uploads\/2023\/12\/IMG_8846-300x300.jpeg 300w, https:\/\/ofdm.pcen.pl\/wp-content\/uploads\/2023\/12\/IMG_8846-600x600.jpeg 600w, https:\/\/ofdm.pcen.pl\/wp-content\/uploads\/2023\/12\/IMG_8846-1024x1024.jpeg 1024w\" sizes=\"(max-width: 150px) 100vw, 150px\" \/><\/a>\n\t\t\t<\/div><\/figure><figure class='gallery-item'>\n\t\t\t<div class='gallery-icon landscape'>\n\t\t\t\t<a data-elementor-open-lightbox=\"yes\" data-elementor-lightbox-slideshow=\"11b8f0a\" data-elementor-lightbox-title=\"IMG_8845\" data-e-action-hash=\"#elementor-action%3Aaction%3Dlightbox%26settings%3DeyJpZCI6MTU3OSwidXJsIjoiaHR0cHM6XC9cL29mZG0ucGNlbi5wbFwvd3AtY29udGVudFwvdXBsb2Fkc1wvMjAyM1wvMTJcL0lNR184ODQ1LXNjYWxlZC5qcGVnIiwic2xpZGVzaG93IjoiMTFiOGYwYSJ9\" href='https:\/\/ofdm.pcen.pl\/wp-content\/uploads\/2023\/12\/IMG_8845-scaled.jpeg'><img loading=\"lazy\" decoding=\"async\" width=\"150\" height=\"150\" src=\"https:\/\/ofdm.pcen.pl\/wp-content\/uploads\/2023\/12\/IMG_8845-150x150.jpeg\" class=\"attachment-thumbnail size-thumbnail\" alt=\"\" srcset=\"https:\/\/ofdm.pcen.pl\/wp-content\/uploads\/2023\/12\/IMG_8845-150x150.jpeg 150w, https:\/\/ofdm.pcen.pl\/wp-content\/uploads\/2023\/12\/IMG_8845-300x300.jpeg 300w, https:\/\/ofdm.pcen.pl\/wp-content\/uploads\/2023\/12\/IMG_8845-600x600.jpeg 600w, https:\/\/ofdm.pcen.pl\/wp-content\/uploads\/2023\/12\/IMG_8845-1024x1024.jpeg 1024w\" sizes=\"(max-width: 150px) 100vw, 150px\" \/><\/a>\n\t\t\t<\/div><\/figure><figure class='gallery-item'>\n\t\t\t<div class='gallery-icon landscape'>\n\t\t\t\t<a data-elementor-open-lightbox=\"yes\" data-elementor-lightbox-slideshow=\"11b8f0a\" data-elementor-lightbox-title=\"IMG_8853\" data-e-action-hash=\"#elementor-action%3Aaction%3Dlightbox%26settings%3DeyJpZCI6MTU3NiwidXJsIjoiaHR0cHM6XC9cL29mZG0ucGNlbi5wbFwvd3AtY29udGVudFwvdXBsb2Fkc1wvMjAyM1wvMTJcL0lNR184ODUzLXNjYWxlZC5qcGVnIiwic2xpZGVzaG93IjoiMTFiOGYwYSJ9\" href='https:\/\/ofdm.pcen.pl\/wp-content\/uploads\/2023\/12\/IMG_8853-scaled.jpeg'><img loading=\"lazy\" decoding=\"async\" width=\"150\" height=\"150\" src=\"https:\/\/ofdm.pcen.pl\/wp-content\/uploads\/2023\/12\/IMG_8853-150x150.jpeg\" class=\"attachment-thumbnail size-thumbnail\" alt=\"\" srcset=\"https:\/\/ofdm.pcen.pl\/wp-content\/uploads\/2023\/12\/IMG_8853-150x150.jpeg 150w, https:\/\/ofdm.pcen.pl\/wp-content\/uploads\/2023\/12\/IMG_8853-300x300.jpeg 300w, https:\/\/ofdm.pcen.pl\/wp-content\/uploads\/2023\/12\/IMG_8853-600x600.jpeg 600w, https:\/\/ofdm.pcen.pl\/wp-content\/uploads\/2023\/12\/IMG_8853-1024x1024.jpeg 1024w\" sizes=\"(max-width: 150px) 100vw, 150px\" \/><\/a>\n\t\t\t<\/div><\/figure><figure class='gallery-item'>\n\t\t\t<div class='gallery-icon landscape'>\n\t\t\t\t<a data-elementor-open-lightbox=\"yes\" data-elementor-lightbox-slideshow=\"11b8f0a\" data-elementor-lightbox-title=\"IMG_8842\" data-e-action-hash=\"#elementor-action%3Aaction%3Dlightbox%26settings%3DeyJpZCI6MTU3NSwidXJsIjoiaHR0cHM6XC9cL29mZG0ucGNlbi5wbFwvd3AtY29udGVudFwvdXBsb2Fkc1wvMjAyM1wvMTJcL0lNR184ODQyLXNjYWxlZC5qcGVnIiwic2xpZGVzaG93IjoiMTFiOGYwYSJ9\" href='https:\/\/ofdm.pcen.pl\/wp-content\/uploads\/2023\/12\/IMG_8842-scaled.jpeg'><img loading=\"lazy\" decoding=\"async\" width=\"150\" height=\"150\" src=\"https:\/\/ofdm.pcen.pl\/wp-content\/uploads\/2023\/12\/IMG_8842-150x150.jpeg\" class=\"attachment-thumbnail size-thumbnail\" alt=\"\" srcset=\"https:\/\/ofdm.pcen.pl\/wp-content\/uploads\/2023\/12\/IMG_8842-150x150.jpeg 150w, https:\/\/ofdm.pcen.pl\/wp-content\/uploads\/2023\/12\/IMG_8842-300x300.jpeg 300w, https:\/\/ofdm.pcen.pl\/wp-content\/uploads\/2023\/12\/IMG_8842-600x600.jpeg 600w, https:\/\/ofdm.pcen.pl\/wp-content\/uploads\/2023\/12\/IMG_8842-1024x1024.jpeg 1024w\" sizes=\"(max-width: 150px) 100vw, 150px\" \/><\/a>\n\t\t\t<\/div><\/figure><figure class='gallery-item'>\n\t\t\t<div class='gallery-icon landscape'>\n\t\t\t\t<a data-elementor-open-lightbox=\"yes\" data-elementor-lightbox-slideshow=\"11b8f0a\" data-elementor-lightbox-title=\"IMG_8841\" data-e-action-hash=\"#elementor-action%3Aaction%3Dlightbox%26settings%3DeyJpZCI6MTU3NCwidXJsIjoiaHR0cHM6XC9cL29mZG0ucGNlbi5wbFwvd3AtY29udGVudFwvdXBsb2Fkc1wvMjAyM1wvMTJcL0lNR184ODQxLXNjYWxlZC5qcGVnIiwic2xpZGVzaG93IjoiMTFiOGYwYSJ9\" href='https:\/\/ofdm.pcen.pl\/wp-content\/uploads\/2023\/12\/IMG_8841-scaled.jpeg'><img loading=\"lazy\" decoding=\"async\" width=\"150\" height=\"150\" src=\"https:\/\/ofdm.pcen.pl\/wp-content\/uploads\/2023\/12\/IMG_8841-150x150.jpeg\" class=\"attachment-thumbnail size-thumbnail\" alt=\"\" srcset=\"https:\/\/ofdm.pcen.pl\/wp-content\/uploads\/2023\/12\/IMG_8841-150x150.jpeg 150w, https:\/\/ofdm.pcen.pl\/wp-content\/uploads\/2023\/12\/IMG_8841-300x300.jpeg 300w, https:\/\/ofdm.pcen.pl\/wp-content\/uploads\/2023\/12\/IMG_8841-600x600.jpeg 600w, https:\/\/ofdm.pcen.pl\/wp-content\/uploads\/2023\/12\/IMG_8841-1024x1024.jpeg 1024w\" sizes=\"(max-width: 150px) 100vw, 150px\" \/><\/a>\n\t\t\t<\/div><\/figure>\n\t\t<\/div>\n\t\t<\/div>\n\t\t\t\t\t\t<\/div>\n\t\t\t\t<\/div>\n\t\t\t\t\t<\/div>\n\t\t<\/div>\n\t\t\t\t\t<\/div>\n\t\t<\/section>\n\t\t\t\t<section class=\"elementor-section elementor-top-section elementor-element elementor-element-5f41b76 elementor-section-boxed elementor-section-height-default elementor-section-height-default\" data-id=\"5f41b76\" data-element_type=\"section\" data-e-type=\"section\">\n\t\t\t\t\t\t<div class=\"elementor-container elementor-column-gap-default\">\n\t\t\t\t\t<div class=\"elementor-column elementor-col-33 elementor-top-column elementor-element elementor-element-534c589\" data-id=\"534c589\" data-element_type=\"column\" data-e-type=\"column\">\n\t\t\t<div class=\"elementor-widget-wrap elementor-element-populated\">\n\t\t\t\t\t\t<div class=\"elementor-element elementor-element-318852c elementor-widget elementor-widget-video\" data-id=\"318852c\" data-element_type=\"widget\" data-e-type=\"widget\" data-settings=\"{&quot;youtube_url&quot;:&quot;https:\\\/\\\/www.youtube.com\\\/watch?v=c85wh2lp_sA&quot;,&quot;video_type&quot;:&quot;youtube&quot;,&quot;controls&quot;:&quot;yes&quot;}\" data-widget_type=\"video.default\">\n\t\t\t\t<div class=\"elementor-widget-container\">\n\t\t\t\t\t\t\t<div class=\"elementor-wrapper elementor-open-inline\">\n\t\t\t<div class=\"elementor-video\"><\/div>\t\t<\/div>\n\t\t\t\t\t\t<\/div>\n\t\t\t\t<\/div>\n\t\t\t\t\t<\/div>\n\t\t<\/div>\n\t\t\t\t<div class=\"elementor-column elementor-col-66 elementor-top-column elementor-element elementor-element-7a1681e\" data-id=\"7a1681e\" data-element_type=\"column\" data-e-type=\"column\">\n\t\t\t<div class=\"elementor-widget-wrap elementor-element-populated\">\n\t\t\t\t\t\t<div class=\"elementor-element elementor-element-3e31a51 elementor-widget elementor-widget-text-editor\" data-id=\"3e31a51\" data-element_type=\"widget\" data-e-type=\"widget\" data-widget_type=\"text-editor.default\">\n\t\t\t\t<div class=\"elementor-widget-container\">\n\t\t\t\t\t\t\t\t\t<p><strong>&#8220;Ci , kt\u00f3rzy rozdali \u017cycie&#8221;&nbsp; &#8211;&nbsp;&nbsp;<\/strong>fina\u0142 konkursu na Reporta\u017c nawi\u0105zuj\u0105cy do polak\u00f3w ratuj\u0105cych \u017cydow podczas okupacji mienieckiej. Uczniowie podkarpackich szko\u0142 docierali do \u015bladow historii nie tylko wa\u017cnej &#8211; ale cz\u0119sto zapominanej. Takie okruchy wspomnie\u0144 dla m\u0142odych pokole\u0144 s\u0105 niezwykle wa\u017cne aby pami\u0119ta\u0107, piel\u0119gnowa\u0107 i przekazywa\u0107 kolejnym pokoleniom. Heroizm Polak\u00f3w i liczne dowody niezwyklego po\u015bwi\u0119cenia przypominaj\u0105 nam wszystkim jakim jeste\u015bmy narodem i jakie cechy nas olakow charakteryzuj\u0105. Zapraszam do kr\u00f3tkiej filmowej relacji&#8230;.\/<\/p>\t\t\t\t\t\t\t\t<\/div>\n\t\t\t\t<\/div>\n\t\t\t\t\t<\/div>\n\t\t<\/div>\n\t\t\t\t\t<\/div>\n\t\t<\/section>\n\t\t\t\t<section class=\"elementor-section elementor-top-section elementor-element elementor-element-2024778 elementor-section-boxed elementor-section-height-default elementor-section-height-default\" data-id=\"2024778\" data-element_type=\"section\" data-e-type=\"section\">\n\t\t\t\t\t\t<div class=\"elementor-container elementor-column-gap-default\">\n\t\t\t\t\t<div class=\"elementor-column elementor-col-33 elementor-top-column elementor-element elementor-element-1773333\" data-id=\"1773333\" data-element_type=\"column\" data-e-type=\"column\">\n\t\t\t<div class=\"elementor-widget-wrap elementor-element-populated\">\n\t\t\t\t\t\t<div class=\"elementor-element elementor-element-2426352 elementor-widget elementor-widget-video\" data-id=\"2426352\" data-element_type=\"widget\" data-e-type=\"widget\" data-settings=\"{&quot;youtube_url&quot;:&quot;https:\\\/\\\/youtu.be\\\/FarCbs4m3v4&quot;,&quot;video_type&quot;:&quot;youtube&quot;,&quot;controls&quot;:&quot;yes&quot;}\" data-widget_type=\"video.default\">\n\t\t\t\t<div class=\"elementor-widget-container\">\n\t\t\t\t\t\t\t<div class=\"elementor-wrapper elementor-open-inline\">\n\t\t\t<div class=\"elementor-video\"><\/div>\t\t<\/div>\n\t\t\t\t\t\t<\/div>\n\t\t\t\t<\/div>\n\t\t\t\t\t<\/div>\n\t\t<\/div>\n\t\t\t\t<div class=\"elementor-column elementor-col-66 elementor-top-column elementor-element elementor-element-b130191\" data-id=\"b130191\" data-element_type=\"column\" data-e-type=\"column\">\n\t\t\t<div class=\"elementor-widget-wrap elementor-element-populated\">\n\t\t\t\t\t\t<div class=\"elementor-element elementor-element-9970364 elementor-widget elementor-widget-text-editor\" data-id=\"9970364\" data-element_type=\"widget\" data-e-type=\"widget\" data-widget_type=\"text-editor.default\">\n\t\t\t\t<div class=\"elementor-widget-container\">\n\t\t\t\t\t\t\t\t\t<p><strong>Malowa\u0107 sercem&#8230;chyba nie jest \u0142atwo, a jednocze\u015bnie Czy mo\u017ce by\u0107 pi\u0119kniejszy obraz ni\u017c ten, w kt\u00f3rym artysta zawiera wszystkie swoje uczucia i my\u015bli ???<\/strong> Po raz kolejny Nasza kole\u017canka <strong>Ma\u0142gosia Kusz &#8211; doradca metodyczny plastyk\u00f3w<\/strong> zorganizowa\u0142a niezwyk\u0142e wydarzenie. Plener malarski po\u015bwi\u0119cony rodzinie Ulm\u00f3w z Markowej to wyj\u0105tkowe dzie\u0142o i zach\u0119ta dla wszystkich, kt\u00f3rzy chcieliby wzi\u0105\u0107 udzia\u0142 w planowanym wernisa\u017cu &#8211; Polecam serdecznie stan\u0105\u0107 oko w oko z artyst\u0105 i jego dzie\u0142em.\u00a0<\/p>\t\t\t\t\t\t\t\t<\/div>\n\t\t\t\t<\/div>\n\t\t\t\t\t<\/div>\n\t\t<\/div>\n\t\t\t\t\t<\/div>\n\t\t<\/section>\n\t\t\t\t<section class=\"elementor-section elementor-top-section elementor-element elementor-element-4ce023b elementor-section-boxed elementor-section-height-default elementor-section-height-default\" data-id=\"4ce023b\" data-element_type=\"section\" data-e-type=\"section\">\n\t\t\t\t\t\t<div class=\"elementor-container elementor-column-gap-default\">\n\t\t\t\t\t<div class=\"elementor-column elementor-col-33 elementor-top-column elementor-element elementor-element-13f4d63\" data-id=\"13f4d63\" data-element_type=\"column\" data-e-type=\"column\">\n\t\t\t<div class=\"elementor-widget-wrap elementor-element-populated\">\n\t\t\t\t\t\t<div class=\"elementor-element elementor-element-913cf8e elementor-widget elementor-widget-video\" data-id=\"913cf8e\" data-element_type=\"widget\" data-e-type=\"widget\" data-settings=\"{&quot;youtube_url&quot;:&quot;https:\\\/\\\/youtu.be\\\/QinsYh0l7UI&quot;,&quot;video_type&quot;:&quot;youtube&quot;,&quot;controls&quot;:&quot;yes&quot;}\" data-widget_type=\"video.default\">\n\t\t\t\t<div class=\"elementor-widget-container\">\n\t\t\t\t\t\t\t<div class=\"elementor-wrapper elementor-open-inline\">\n\t\t\t<div class=\"elementor-video\"><\/div>\t\t<\/div>\n\t\t\t\t\t\t<\/div>\n\t\t\t\t<\/div>\n\t\t\t\t\t<\/div>\n\t\t<\/div>\n\t\t\t\t<div class=\"elementor-column elementor-col-66 elementor-top-column elementor-element elementor-element-3eccf11\" data-id=\"3eccf11\" data-element_type=\"column\" data-e-type=\"column\">\n\t\t\t<div class=\"elementor-widget-wrap elementor-element-populated\">\n\t\t\t\t\t\t<div class=\"elementor-element elementor-element-37483b4 elementor-widget elementor-widget-text-editor\" data-id=\"37483b4\" data-element_type=\"widget\" data-e-type=\"widget\" data-widget_type=\"text-editor.default\">\n\t\t\t\t<div class=\"elementor-widget-container\">\n\t\t\t\t\t\t\t\t\t<p><strong>&#8220;Wystawa w ciemno\u015bci&#8221;<\/strong> to absolutnie ponadwymiarowa i\u00a0 ponadczasowa innowacja &#8211; a zarazem wychowawczy charakter pomys\u0142u. Pozna\u0107 chocia\u017c\u00a0 \u00a0 w namiastce \u015bwiat os\u00f3b niewidz\u0105cych i niedowidz\u0105cych sprzyja naszemu cz\u0142owiecze\u0144stwu &#8211; uwra\u017cliwia cz\u0142owieka na drug\u0105 osob\u0119 z dysfunkcj\u0105.\u00a0 \u00a0 \u00a0 \u00a0 \u00a0 W imieniu organizator\u00f3w serdeczne zach\u0119camy do skorzystania z oferty. Bli\u017cej poznacie j\u0105 Pa\u0144stwo ogl\u0105daj\u0105c filmow\u0105 zajawk\u0119 wydarzenia.<\/p>\t\t\t\t\t\t\t\t<\/div>\n\t\t\t\t<\/div>\n\t\t\t\t\t<\/div>\n\t\t<\/div>\n\t\t\t\t\t<\/div>\n\t\t<\/section>\n\t\t\t\t<section class=\"elementor-section elementor-top-section elementor-element elementor-element-de71060 elementor-section-boxed elementor-section-height-default elementor-section-height-default\" data-id=\"de71060\" data-element_type=\"section\" data-e-type=\"section\">\n\t\t\t\t\t\t<div class=\"elementor-container elementor-column-gap-default\">\n\t\t\t\t\t<div class=\"elementor-column elementor-col-33 elementor-top-column elementor-element elementor-element-8a5add5\" data-id=\"8a5add5\" data-element_type=\"column\" data-e-type=\"column\">\n\t\t\t<div class=\"elementor-widget-wrap elementor-element-populated\">\n\t\t\t\t\t\t<div class=\"elementor-element elementor-element-e63c4f7 elementor-widget elementor-widget-video\" data-id=\"e63c4f7\" data-element_type=\"widget\" data-e-type=\"widget\" data-settings=\"{&quot;youtube_url&quot;:&quot;https:\\\/\\\/www.youtube.com\\\/watch?v=fWKGRIsOTe0&quot;,&quot;video_type&quot;:&quot;youtube&quot;,&quot;controls&quot;:&quot;yes&quot;}\" data-widget_type=\"video.default\">\n\t\t\t\t<div class=\"elementor-widget-container\">\n\t\t\t\t\t\t\t<div class=\"elementor-wrapper elementor-open-inline\">\n\t\t\t<div class=\"elementor-video\"><\/div>\t\t<\/div>\n\t\t\t\t\t\t<\/div>\n\t\t\t\t<\/div>\n\t\t\t\t\t<\/div>\n\t\t<\/div>\n\t\t\t\t<div class=\"elementor-column elementor-col-66 elementor-top-column elementor-element elementor-element-7eb2c07\" data-id=\"7eb2c07\" data-element_type=\"column\" data-e-type=\"column\">\n\t\t\t<div class=\"elementor-widget-wrap elementor-element-populated\">\n\t\t\t\t\t\t<div class=\"elementor-element elementor-element-7af8376 elementor-widget elementor-widget-text-editor\" data-id=\"7af8376\" data-element_type=\"widget\" data-e-type=\"widget\" data-widget_type=\"text-editor.default\">\n\t\t\t\t<div class=\"elementor-widget-container\">\n\t\t\t\t\t\t\t\t\t<div dir=\"auto\"><strong>&#8220;Wybieram przysz\u0142o\u015b\u0107&#8221; To bardzo ciekawy pomys\u0142 na konkurs.<\/strong> W tym roku w nowej ods\u0142onie ju\u017c kolejny raz. Konkurs organizuj\u0119 PCEN w Rzeszowie oraz I Liceum Og\u00f3lnokszta\u0142c\u0105ce w \u0141a\u0144cucie.<\/div><div dir=\"auto\"><strong>Szczeg\u00f3\u0142y tutaj:<\/strong>\u00a0<a href=\"https:\/\/drive.google.com\/file\/d\/1dHI_qd8gqew-wXrD5m0TWw75SKAGmYdv\/view?usp=sharing\">POBIERZ REGULAMIN<\/a>\u00a0 \u00a0oraz w mailingu, kt\u00f3ry trafi\u0142 do sekretariat\u00f3w podkarpackich szk\u00f3\u0142. Na temat konkursu w filmowej zajawce m\u00f3wi <strong>Marta Kaczmarczyk &#8211; organizator konkursu.<\/strong><\/div>\t\t\t\t\t\t\t\t<\/div>\n\t\t\t\t<\/div>\n\t\t\t\t\t<\/div>\n\t\t<\/div>\n\t\t\t\t\t<\/div>\n\t\t<\/section>\n\t\t\t\t<section class=\"elementor-section elementor-top-section elementor-element elementor-element-93e3ac2 elementor-section-boxed elementor-section-height-default elementor-section-height-default\" data-id=\"93e3ac2\" data-element_type=\"section\" data-e-type=\"section\">\n\t\t\t\t\t\t<div class=\"elementor-container elementor-column-gap-default\">\n\t\t\t\t\t<div class=\"elementor-column elementor-col-33 elementor-top-column elementor-element elementor-element-cf84cf7\" data-id=\"cf84cf7\" data-element_type=\"column\" data-e-type=\"column\">\n\t\t\t<div class=\"elementor-widget-wrap elementor-element-populated\">\n\t\t\t\t\t\t<div class=\"elementor-element elementor-element-e413d49 elementor-widget elementor-widget-video\" data-id=\"e413d49\" data-element_type=\"widget\" data-e-type=\"widget\" data-settings=\"{&quot;youtube_url&quot;:&quot;https:\\\/\\\/youtu.be\\\/CvjF67RtSgI&quot;,&quot;video_type&quot;:&quot;youtube&quot;,&quot;controls&quot;:&quot;yes&quot;}\" data-widget_type=\"video.default\">\n\t\t\t\t<div class=\"elementor-widget-container\">\n\t\t\t\t\t\t\t<div class=\"elementor-wrapper elementor-open-inline\">\n\t\t\t<div class=\"elementor-video\"><\/div>\t\t<\/div>\n\t\t\t\t\t\t<\/div>\n\t\t\t\t<\/div>\n\t\t\t\t\t<\/div>\n\t\t<\/div>\n\t\t\t\t<div class=\"elementor-column elementor-col-66 elementor-top-column elementor-element elementor-element-99c00f7\" data-id=\"99c00f7\" data-element_type=\"column\" data-e-type=\"column\">\n\t\t\t<div class=\"elementor-widget-wrap elementor-element-populated\">\n\t\t\t\t\t\t<div class=\"elementor-element elementor-element-e3321ec elementor-widget elementor-widget-text-editor\" data-id=\"e3321ec\" data-element_type=\"widget\" data-e-type=\"widget\" data-widget_type=\"text-editor.default\">\n\t\t\t\t<div class=\"elementor-widget-container\">\n\t\t\t\t\t\t\t\t\t<p>By\u0107 doradc\u0105 metodycznym to jedno &#8211; ale by\u0107 doradc\u0105 metodycznym i mie\u0107 pasje, to chyba kwintesencja w og\u00f3le by\u0107 dobrym pedagogiem &#8211; <strong>Chcesz dobrze uczy\u0107 ??? Chcesz mie\u0107 szacunek i powa\u017canie w grupie m\u0142odzie\u017cy???\u00a0 Poka\u017c im \u017ce jeste\u015b cz\u0142owiekiem z pasj\u0105 !!!\u00a0<\/strong>Robert jest \u015bwietnym nauczycielem, super koleg\u0105 w naszym metodycznym gronie , dusza towarzystwa &#8211; dzisiaj uchyli r\u0105bka tajemnicy zwi\u0105zanej ze swoj\u0105 wielk\u0105 radiotelefoniczn\u0105 pasj\u0105 &#8211; zobaczcie sami !!!<\/p>\t\t\t\t\t\t\t\t<\/div>\n\t\t\t\t<\/div>\n\t\t\t\t\t<\/div>\n\t\t<\/div>\n\t\t\t\t\t<\/div>\n\t\t<\/section>\n\t\t\t\t<section class=\"elementor-section elementor-top-section elementor-element elementor-element-b3cd9cf elementor-section-boxed elementor-section-height-default elementor-section-height-default\" data-id=\"b3cd9cf\" data-element_type=\"section\" data-e-type=\"section\">\n\t\t\t\t\t\t<div class=\"elementor-container elementor-column-gap-default\">\n\t\t\t\t\t<div class=\"elementor-column elementor-col-33 elementor-top-column elementor-element elementor-element-868db06\" data-id=\"868db06\" data-element_type=\"column\" data-e-type=\"column\">\n\t\t\t<div class=\"elementor-widget-wrap elementor-element-populated\">\n\t\t\t\t\t\t<div class=\"elementor-element elementor-element-f6101dd elementor-widget elementor-widget-image\" data-id=\"f6101dd\" data-element_type=\"widget\" data-e-type=\"widget\" data-widget_type=\"image.default\">\n\t\t\t\t<div class=\"elementor-widget-container\">\n\t\t\t\t\t\t\t\t\t\t\t\t\t\t\t<img loading=\"lazy\" decoding=\"async\" width=\"640\" height=\"454\" src=\"https:\/\/ofdm.pcen.pl\/wp-content\/uploads\/2023\/09\/PLAKAT-1024x726.jpg\" class=\"attachment-large size-large wp-image-1446\" alt=\"\" srcset=\"https:\/\/ofdm.pcen.pl\/wp-content\/uploads\/2023\/09\/PLAKAT-1024x726.jpg 1024w, https:\/\/ofdm.pcen.pl\/wp-content\/uploads\/2023\/09\/PLAKAT-300x213.jpg 300w, https:\/\/ofdm.pcen.pl\/wp-content\/uploads\/2023\/09\/PLAKAT-768x545.jpg 768w, https:\/\/ofdm.pcen.pl\/wp-content\/uploads\/2023\/09\/PLAKAT-1536x1090.jpg 1536w, https:\/\/ofdm.pcen.pl\/wp-content\/uploads\/2023\/09\/PLAKAT.jpg 1748w\" sizes=\"(max-width: 640px) 100vw, 640px\" \/>\t\t\t\t\t\t\t\t\t\t\t\t\t\t\t<\/div>\n\t\t\t\t<\/div>\n\t\t\t\t\t<\/div>\n\t\t<\/div>\n\t\t\t\t<div class=\"elementor-column elementor-col-66 elementor-top-column elementor-element elementor-element-1c0c70f\" data-id=\"1c0c70f\" data-element_type=\"column\" data-e-type=\"column\">\n\t\t\t<div class=\"elementor-widget-wrap elementor-element-populated\">\n\t\t\t\t\t\t<div class=\"elementor-element elementor-element-cf67e77 elementor-widget elementor-widget-text-editor\" data-id=\"cf67e77\" data-element_type=\"widget\" data-e-type=\"widget\" data-widget_type=\"text-editor.default\">\n\t\t\t\t<div class=\"elementor-widget-container\">\n\t\t\t\t\t\t\t\t\t<div><strong>Szko\u0142a Podstawowa nr 11 z Oddzia\u0142ami Integracyjnymi w Jaros\u0142awiu\u00a0 \u00a0 \u00a0 \u00a0 \u00a0 \u00a0 \u00a0 \u00a0 \u00a0 \u00a0 \u00a0 \u00a0 i Podkarpacki Zesp\u00f3\u0142 Plac\u00f3wek Wojew\u00f3dzkich w Rzeszowie<\/strong> zapraszaj\u0105 dzieci i m\u0142odzie\u017c szk\u00f3\u0142 podstawowych do wzi\u0119cia udzia\u0142u w konkursie historyczno &#8211; plastycznym na projekt znaczka pocztowego upami\u0119tniaj\u0105cego\u00a0 <strong>B\u0142ogos\u0142awion\u0105 Rodzin\u0119 Ulm\u00f3w z Markowej<\/strong>. Konkurs jest cz\u0119\u015bci\u0105 szerszego projektu PZPW <strong>&#8220;Opowiemy Wam o Ulmach&#8221;<\/strong> Honorowy Patronat nad konkursem obj\u0105\u0142 <strong>Burmistrz Miasta Jaros\u0142awia Pan Waldemar Paluch<\/strong> oraz <strong>Poczta Polska<\/strong>. Partnerem organizacyjnym jest <strong>Jaros\u0142awski O\u015brodek Kultury i Sztuki<\/strong>.\u00a0<\/div><div><a href=\"https:\/\/drive.google.com\/file\/d\/1CkzUoE56jDtqWppgCDnVBcE4XnBhiahU\/view?usp=sharing\">POBIERZ REGULAMIN<\/a><\/div>\t\t\t\t\t\t\t\t<\/div>\n\t\t\t\t<\/div>\n\t\t\t\t\t<\/div>\n\t\t<\/div>\n\t\t\t\t\t<\/div>\n\t\t<\/section>\n\t\t\t\t<section class=\"elementor-section elementor-top-section elementor-element elementor-element-f987229 elementor-section-boxed elementor-section-height-default elementor-section-height-default\" data-id=\"f987229\" data-element_type=\"section\" data-e-type=\"section\">\n\t\t\t\t\t\t<div class=\"elementor-container elementor-column-gap-default\">\n\t\t\t\t\t<div class=\"elementor-column elementor-col-33 elementor-top-column elementor-element elementor-element-6a48557\" data-id=\"6a48557\" data-element_type=\"column\" data-e-type=\"column\">\n\t\t\t<div class=\"elementor-widget-wrap elementor-element-populated\">\n\t\t\t\t\t\t<div class=\"elementor-element elementor-element-1feb50c elementor-widget elementor-widget-video\" data-id=\"1feb50c\" data-element_type=\"widget\" data-e-type=\"widget\" data-settings=\"{&quot;youtube_url&quot;:&quot;https:\\\/\\\/www.youtube.com\\\/watch?v=VZ2zxZQ4xqA&quot;,&quot;video_type&quot;:&quot;youtube&quot;,&quot;controls&quot;:&quot;yes&quot;}\" data-widget_type=\"video.default\">\n\t\t\t\t<div class=\"elementor-widget-container\">\n\t\t\t\t\t\t\t<div class=\"elementor-wrapper elementor-open-inline\">\n\t\t\t<div class=\"elementor-video\"><\/div>\t\t<\/div>\n\t\t\t\t\t\t<\/div>\n\t\t\t\t<\/div>\n\t\t\t\t\t<\/div>\n\t\t<\/div>\n\t\t\t\t<div class=\"elementor-column elementor-col-66 elementor-top-column elementor-element elementor-element-c50ad97\" data-id=\"c50ad97\" data-element_type=\"column\" data-e-type=\"column\">\n\t\t\t<div class=\"elementor-widget-wrap elementor-element-populated\">\n\t\t\t\t\t\t<div class=\"elementor-element elementor-element-dbe8f41 elementor-widget elementor-widget-text-editor\" data-id=\"dbe8f41\" data-element_type=\"widget\" data-e-type=\"widget\" data-widget_type=\"text-editor.default\">\n\t\t\t\t<div class=\"elementor-widget-container\">\n\t\t\t\t\t\t\t\t\t<div><b>Reporterski skr\u00f3t z I Og\u00f3lnopolskiego Forum Dorac\u00f3w Metodycznych.<\/b><br \/><b>Relacja filmowa z wydarzenia, kt\u00f3re niew\u0105tpliwie by\u0142o pierwszym w Polsce w\u00a0 wymiarze doradztwa metodycznego spotkaniem o takim charakterze i tak wielkim zasi\u0119gu.\u00a0<\/b><\/div>\t\t\t\t\t\t\t\t<\/div>\n\t\t\t\t<\/div>\n\t\t\t\t\t<\/div>\n\t\t<\/div>\n\t\t\t\t\t<\/div>\n\t\t<\/section>\n\t\t\t\t<section class=\"elementor-section elementor-top-section elementor-element elementor-element-c0435f4 elementor-section-boxed elementor-section-height-default elementor-section-height-default\" data-id=\"c0435f4\" data-element_type=\"section\" data-e-type=\"section\">\n\t\t\t\t\t\t<div class=\"elementor-container elementor-column-gap-default\">\n\t\t\t\t\t<div class=\"elementor-column elementor-col-100 elementor-top-column elementor-element elementor-element-6f982cb\" data-id=\"6f982cb\" data-element_type=\"column\" data-e-type=\"column\">\n\t\t\t<div class=\"elementor-widget-wrap elementor-element-populated\">\n\t\t\t\t\t\t<section class=\"elementor-section elementor-inner-section elementor-element elementor-element-26c014f elementor-section-boxed elementor-section-height-default elementor-section-height-default\" data-id=\"26c014f\" data-element_type=\"section\" data-e-type=\"section\">\n\t\t\t\t\t\t<div class=\"elementor-container elementor-column-gap-default\">\n\t\t\t\t\t<div class=\"elementor-column elementor-col-50 elementor-inner-column elementor-element elementor-element-1990801\" data-id=\"1990801\" data-element_type=\"column\" data-e-type=\"column\">\n\t\t\t<div class=\"elementor-widget-wrap elementor-element-populated\">\n\t\t\t\t\t\t<div class=\"elementor-element elementor-element-3df12ca elementor-widget elementor-widget-image\" data-id=\"3df12ca\" data-element_type=\"widget\" data-e-type=\"widget\" data-widget_type=\"image.default\">\n\t\t\t\t<div class=\"elementor-widget-container\">\n\t\t\t\t\t\t\t\t\t\t\t\t\t\t\t<img loading=\"lazy\" decoding=\"async\" width=\"640\" height=\"480\" src=\"https:\/\/ofdm.pcen.pl\/wp-content\/uploads\/2023\/03\/IMG_8634-1024x768.jpg\" class=\"attachment-large size-large wp-image-856\" alt=\"\" srcset=\"https:\/\/ofdm.pcen.pl\/wp-content\/uploads\/2023\/03\/IMG_8634-1024x768.jpg 1024w, https:\/\/ofdm.pcen.pl\/wp-content\/uploads\/2023\/03\/IMG_8634-300x225.jpg 300w, https:\/\/ofdm.pcen.pl\/wp-content\/uploads\/2023\/03\/IMG_8634-768x576.jpg 768w, https:\/\/ofdm.pcen.pl\/wp-content\/uploads\/2023\/03\/IMG_8634-1536x1152.jpg 1536w, https:\/\/ofdm.pcen.pl\/wp-content\/uploads\/2023\/03\/IMG_8634-2048x1536.jpg 2048w, https:\/\/ofdm.pcen.pl\/wp-content\/uploads\/2023\/03\/IMG_8634-136x102.jpg 136w\" sizes=\"(max-width: 640px) 100vw, 640px\" \/>\t\t\t\t\t\t\t\t\t\t\t\t\t\t\t<\/div>\n\t\t\t\t<\/div>\n\t\t\t\t\t<\/div>\n\t\t<\/div>\n\t\t\t\t<div class=\"elementor-column elementor-col-50 elementor-inner-column elementor-element elementor-element-97f1fca\" data-id=\"97f1fca\" data-element_type=\"column\" data-e-type=\"column\">\n\t\t\t<div class=\"elementor-widget-wrap elementor-element-populated\">\n\t\t\t\t\t\t<div class=\"elementor-element elementor-element-f800f1e elementor-widget elementor-widget-text-editor\" data-id=\"f800f1e\" data-element_type=\"widget\" data-e-type=\"widget\" data-widget_type=\"text-editor.default\">\n\t\t\t\t<div class=\"elementor-widget-container\">\n\t\t\t\t\t\t\t\t\t<div class=\"moz-text-flowed\" lang=\"x-unicode\">\n<p><strong>TARNOBRZEG &#8211; Dzie\u0144 J\u0119zyka Ojczystego.&nbsp; &nbsp; &nbsp; &nbsp; &nbsp; &nbsp; &nbsp; &nbsp; &nbsp; &nbsp; &nbsp; &nbsp; &nbsp; &nbsp; &nbsp; &nbsp; &nbsp; &nbsp; &nbsp; &nbsp; &nbsp; &nbsp; &nbsp; &nbsp; &nbsp; &nbsp; &nbsp; &nbsp; &nbsp; <\/strong>W dniu 21 lutego 2023r. w Dniu J\u0119zyka Ojczystego, w Szkole Podstawowej nr 4 im. Miko\u0142aja Kopernika w Tarnobrzegu, odby\u0142y si\u0119 zaj\u0119cia maj\u0105ce na celu przypomnienie o r\u00f3\u017cnorodno\u015bci j\u0119zykowej. Obchody tego dnia maj\u0105 u\u015bwiadamia\u0107, \u017ce j\u0119zyki to nie tylko narz\u0119dzie komunikacji, ale tez \u015bwiadectwo dziedzictwa kulturowego, o kt\u00f3re trzeba dba\u0107. <br>&nbsp;W tym roku odby\u0142o si\u0119 dyktando &#8220;biegane&#8221; dla klas si\u00f3dmych. Zasady bieganego dyktanda s\u0105 proste. Uczniowie dobieraj\u0105 si\u0119&nbsp; w zespo\u0142y, biegacze musieli podbiec do tekstu dyktanda na drugi koniec sali gimnastycznej i jak najwi\u0119cej zapami\u0119ta\u0107; pisarze zapisywali to, co us\u0142yszeli od koleg\u00f3w. Tekst dyktanda naje\u017cony by\u0142 s\u0142owami z trudno\u015bciami ortograficznymi. <br>Dla uczni\u00f3w pozosta\u0142ych klas oraz pracownik\u00f3w szko\u0142y organizatorki przygotowa\u0142y zagadki i rebusy podczas kt\u00f3rych mo\u017cna by\u0142o walczy\u0107 o tytu\u0142 Mistrza J\u0119zyka Ojczystego.&nbsp;Odby\u0142 si\u0119 konkurs j\u0119zykowy dla uczni\u00f3w klas sz\u00f3stych i \u0142ama\u0144ce j\u0119zykowe dla najm\u0142odszych uczni\u00f3w. <br>Nieznane, a wyja\u015bniane na plakatach, planszach i tablicach, s\u0142owa sta\u0142y si\u0119 tego dnia pretekstem do zg\u0142\u0119biania tajnik\u00f3w j\u0119zyka ojczystego i poszerzania s\u0142ownictwa przez ca\u0142\u0105 spo\u0142eczno\u015b\u0107 szkoln\u0105.&nbsp;<span style=\"font-size: 14px; color: var( --e-global-color-text );\">&nbsp;Ponadto w tym&nbsp; dniu odby\u0142o si\u0119 XII Miejskie Dyktando Dla Dzieci i M\u0142odzie\u017cy organizowane przez Poradni\u0119 Psychologiczno-Pedagogiczn\u0105 w Tarnobrzegu. Nasz\u0105 szko\u0142\u0119 reprezentowa\u0142o o\u015bmioro uczni\u00f3w.&nbsp;<\/span><span style=\"font-size: 14px; color: var( --e-global-color-text );\">Mateusz Krawczy\u0144ski otrzyma\u0142 tytu\u0142 Mistrza Ortografii w kategorii klas V-VI, Chiara Avolio zaj\u0119\u0142a II miejsce w kategorii klas V-VI. Wr\u0119czono tak\u017ce nagrod\u0119 dla Mistrza kaligrafii zosta\u0142a nim Joanna Socha z klasy VII a, a Micha\u0142 B\u0142asiak z klasy V b otrzyma\u0142 dyplom dla najm\u0142odszego uczestnika.&nbsp;<\/span><span style=\"font-size: 14px; color: var( --e-global-color-text );\">Organizatorkami Dnia J\u0119zyka Ojczystego by\u0142y nauczycielki j\u0119zyka polskiego <b>pani Dominika Materkowska i pani Alina Murek.<\/b><\/span><\/p>\n<\/div>\t\t\t\t\t\t\t\t<\/div>\n\t\t\t\t<\/div>\n\t\t\t\t\t<\/div>\n\t\t<\/div>\n\t\t\t\t\t<\/div>\n\t\t<\/section>\n\t\t\t\t\t<\/div>\n\t\t<\/div>\n\t\t\t\t\t<\/div>\n\t\t<\/section>\n\t\t\t\t<section class=\"elementor-section elementor-top-section elementor-element elementor-element-f819784 elementor-section-boxed elementor-section-height-default elementor-section-height-default\" data-id=\"f819784\" data-element_type=\"section\" data-e-type=\"section\">\n\t\t\t\t\t\t<div class=\"elementor-container elementor-column-gap-default\">\n\t\t\t\t\t<div class=\"elementor-column elementor-col-33 elementor-top-column elementor-element elementor-element-ee0e35b\" data-id=\"ee0e35b\" data-element_type=\"column\" data-e-type=\"column\">\n\t\t\t<div class=\"elementor-widget-wrap elementor-element-populated\">\n\t\t\t\t\t\t<div class=\"elementor-element elementor-element-e042212 elementor-widget elementor-widget-image\" data-id=\"e042212\" data-element_type=\"widget\" data-e-type=\"widget\" data-widget_type=\"image.default\">\n\t\t\t\t<div class=\"elementor-widget-container\">\n\t\t\t\t\t\t\t\t\t\t\t\t\t\t\t<img loading=\"lazy\" decoding=\"async\" width=\"300\" height=\"225\" src=\"https:\/\/ofdm.pcen.pl\/wp-content\/uploads\/2023\/02\/333261200_742163127520220_6080476186522421509_n-1-300x225.jpg\" class=\"attachment-medium size-medium wp-image-632\" alt=\"\" srcset=\"https:\/\/ofdm.pcen.pl\/wp-content\/uploads\/2023\/02\/333261200_742163127520220_6080476186522421509_n-1-300x225.jpg 300w, https:\/\/ofdm.pcen.pl\/wp-content\/uploads\/2023\/02\/333261200_742163127520220_6080476186522421509_n-1-1024x768.jpg 1024w, https:\/\/ofdm.pcen.pl\/wp-content\/uploads\/2023\/02\/333261200_742163127520220_6080476186522421509_n-1-768x576.jpg 768w, https:\/\/ofdm.pcen.pl\/wp-content\/uploads\/2023\/02\/333261200_742163127520220_6080476186522421509_n-1-1536x1152.jpg 1536w, https:\/\/ofdm.pcen.pl\/wp-content\/uploads\/2023\/02\/333261200_742163127520220_6080476186522421509_n-1-136x102.jpg 136w, https:\/\/ofdm.pcen.pl\/wp-content\/uploads\/2023\/02\/333261200_742163127520220_6080476186522421509_n-1.jpg 2048w\" sizes=\"(max-width: 300px) 100vw, 300px\" \/>\t\t\t\t\t\t\t\t\t\t\t\t\t\t\t<\/div>\n\t\t\t\t<\/div>\n\t\t\t\t<section class=\"elementor-section elementor-inner-section elementor-element elementor-element-f552a6f elementor-section-boxed elementor-section-height-default elementor-section-height-default\" data-id=\"f552a6f\" data-element_type=\"section\" data-e-type=\"section\">\n\t\t\t\t\t\t<div class=\"elementor-container elementor-column-gap-default\">\n\t\t\t\t\t<div class=\"elementor-column elementor-col-50 elementor-inner-column elementor-element elementor-element-7005076\" data-id=\"7005076\" data-element_type=\"column\" data-e-type=\"column\">\n\t\t\t<div class=\"elementor-widget-wrap\">\n\t\t\t\t\t\t\t<\/div>\n\t\t<\/div>\n\t\t\t\t<div class=\"elementor-column elementor-col-50 elementor-inner-column elementor-element elementor-element-c020731\" data-id=\"c020731\" data-element_type=\"column\" data-e-type=\"column\">\n\t\t\t<div class=\"elementor-widget-wrap\">\n\t\t\t\t\t\t\t<\/div>\n\t\t<\/div>\n\t\t\t\t\t<\/div>\n\t\t<\/section>\n\t\t\t\t\t<\/div>\n\t\t<\/div>\n\t\t\t\t<div class=\"elementor-column elementor-col-66 elementor-top-column elementor-element elementor-element-2fd8d48\" data-id=\"2fd8d48\" data-element_type=\"column\" data-e-type=\"column\">\n\t\t\t<div class=\"elementor-widget-wrap elementor-element-populated\">\n\t\t\t\t\t\t<div class=\"elementor-element elementor-element-3d08984 elementor-widget elementor-widget-text-editor\" data-id=\"3d08984\" data-element_type=\"widget\" data-e-type=\"widget\" data-widget_type=\"text-editor.default\">\n\t\t\t\t<div class=\"elementor-widget-container\">\n\t\t\t\t\t\t\t\t\t<p class=\"v1MsoNormal\"><strong>KROSNO\u00a0 \u00a0 \u00a0 \u00a0 \u00a0 \u00a0 \u00a0 \u00a0 \u00a0 \u00a0 \u00a0 \u00a0 \u00a0 \u00a0 \u00a0 \u00a0 \u00a0 \u00a0 \u00a0 \u00a0 \u00a0 \u00a0 \u00a0 \u00a0 \u00a0 \u00a0 \u00a0 \u00a0 \u00a0 \u00a0 \u00a0 \u00a0 \u00a0 \u00a0 \u00a0 \u00a0 \u00a0 \u00a0 \u00a0 \u00a0 \u00a0 \u00a0 \u00a0 \u00a0 \u00a0 \u00a0 \u00a0 \u00a0 \u00a0 \u00a0 \u00a0Grzegorz Argasi\u0144ski Trenerem Roku Powiatu Kro\u015bnie\u0144skiego<\/strong><\/p><p class=\"v1MsoNormal\">W dniu 24.02.2023 nasz Kolega Grzegorz Argasi\u0144ski otrzyma\u0142 zaszczytne wyr\u00f3\u017cnienie. Podczas Gali Sportu Powiatu Kro\u015bnie\u0144skiego otrzyma\u0142 tytu\u0142 Trenera Roku. To ju\u017c kolejna nagroda dla naszego kolegi. Wszyscy serdecznie Ci gratulujemy.\u00a0<\/p><p class=\"v1MsoNormal\">Grzegorz Argasi\u0144ski jest trenerem pi\u0142ki r\u0119cznej. Pracuje w ma\u0142ej szkole w Posadzie G\u00f3rnej. Zach\u0119ci\u0142 uczennice tej szko\u0142y, by uprawia\u0142y pi\u0142k\u0119 r\u0119czn\u0105. Stworzy\u0142 im szans\u0119 rozwoju, co jego podopieczne skrz\u0119tnie wykorzysta\u0142y. Dzisiaj UKS Posada G\u00f3rna mo\u017ce si\u0119 poszczyci\u0107 wieloma osi\u0105gni\u0119ciami, natomiast w\u015br\u00f3d wychowanek tego ma\u0142ego szkolnego klubu s\u0105 reprezentantki Polski. A wszystko dzi\u0119ki pasji Nauczyciela. Cieszymy si\u0119, \u017ce Grzegorz Argasi\u0144ski jest te\u017c doradc\u0105 metodycznym z wychowania fizycznego zatrudnionym w kro\u015bnie\u0144skim oddziale PCEN Rzesz\u00f3w. Zapowiadam ju\u017c audycj\u0119 w Radiu Belfer z jego udzia\u0142em.<\/p><p class=\"v1MsoNormal\">Dariusz Zi\u0119ba<\/p>\t\t\t\t\t\t\t\t<\/div>\n\t\t\t\t<\/div>\n\t\t\t\t\t<\/div>\n\t\t<\/div>\n\t\t\t\t\t<\/div>\n\t\t<\/section>\n\t\t\t\t<section class=\"elementor-section elementor-top-section elementor-element elementor-element-db446d0 elementor-section-boxed elementor-section-height-default elementor-section-height-default\" data-id=\"db446d0\" data-element_type=\"section\" data-e-type=\"section\">\n\t\t\t\t\t\t<div class=\"elementor-container elementor-column-gap-default\">\n\t\t\t\t\t<div class=\"elementor-column elementor-col-33 elementor-top-column elementor-element elementor-element-3d58b03\" data-id=\"3d58b03\" data-element_type=\"column\" data-e-type=\"column\">\n\t\t\t<div class=\"elementor-widget-wrap\">\n\t\t\t\t\t\t\t<\/div>\n\t\t<\/div>\n\t\t\t\t<div class=\"elementor-column elementor-col-66 elementor-top-column elementor-element elementor-element-d965844\" data-id=\"d965844\" data-element_type=\"column\" data-e-type=\"column\">\n\t\t\t<div class=\"elementor-widget-wrap\">\n\t\t\t\t\t\t\t<\/div>\n\t\t<\/div>\n\t\t\t\t\t<\/div>\n\t\t<\/section>\n\t\t\t\t<section class=\"elementor-section elementor-top-section elementor-element elementor-element-6d087d5 elementor-section-boxed elementor-section-height-default elementor-section-height-default\" data-id=\"6d087d5\" data-element_type=\"section\" data-e-type=\"section\">\n\t\t\t\t\t\t<div class=\"elementor-container elementor-column-gap-default\">\n\t\t\t\t\t<div class=\"elementor-column elementor-col-100 elementor-top-column elementor-element elementor-element-3c12a68\" data-id=\"3c12a68\" data-element_type=\"column\" data-e-type=\"column\">\n\t\t\t<div class=\"elementor-widget-wrap elementor-element-populated\">\n\t\t\t\t\t\t<section class=\"elementor-section elementor-inner-section elementor-element elementor-element-b7b2c72 elementor-section-boxed elementor-section-height-default elementor-section-height-default\" data-id=\"b7b2c72\" data-element_type=\"section\" data-e-type=\"section\">\n\t\t\t\t\t\t<div class=\"elementor-container elementor-column-gap-default\">\n\t\t\t\t\t<div class=\"elementor-column elementor-col-50 elementor-inner-column elementor-element elementor-element-75b629b\" data-id=\"75b629b\" data-element_type=\"column\" data-e-type=\"column\">\n\t\t\t<div class=\"elementor-widget-wrap elementor-element-populated\">\n\t\t\t\t\t\t<div class=\"elementor-element elementor-element-7ecec30 elementor-widget elementor-widget-image\" data-id=\"7ecec30\" data-element_type=\"widget\" data-e-type=\"widget\" data-widget_type=\"image.default\">\n\t\t\t\t<div class=\"elementor-widget-container\">\n\t\t\t\t\t\t\t\t\t\t\t\t\t\t\t<img decoding=\"async\" src=\"https:\/\/ofdm.pcen.pl\/wp-content\/uploads\/2023\/02\/stop-child-suicide-2301552_960_720.jpg\" title=\"stop-child-suicide-2301552_960_720\" alt=\"stop-child-suicide-2301552_960_720\" loading=\"lazy\" \/>\t\t\t\t\t\t\t\t\t\t\t\t\t\t\t<\/div>\n\t\t\t\t<\/div>\n\t\t\t\t<div class=\"elementor-element elementor-element-9b42d83 elementor-widget elementor-widget-heading\" data-id=\"9b42d83\" data-element_type=\"widget\" data-e-type=\"widget\" data-widget_type=\"heading.default\">\n\t\t\t\t<div class=\"elementor-widget-container\">\n\t\t\t\t\t<h5 class=\"elementor-heading-title elementor-size-small\">KONFERENCJA<br> <br>GDY BRAKUJE SI\u0141, BY \u017bY\u0106. ZACHOWANIA SAMOB\u00d3JCZE DZIECI I M\u0141ODZIE\u017bY<br><\/h5>\t\t\t\t<\/div>\n\t\t\t\t<\/div>\n\t\t\t\t\t<\/div>\n\t\t<\/div>\n\t\t\t\t<div class=\"elementor-column elementor-col-50 elementor-inner-column elementor-element elementor-element-df8ed5b\" data-id=\"df8ed5b\" data-element_type=\"column\" data-e-type=\"column\">\n\t\t\t<div class=\"elementor-widget-wrap elementor-element-populated\">\n\t\t\t\t\t\t<div class=\"elementor-element elementor-element-11c782b elementor-widget elementor-widget-text-editor\" data-id=\"11c782b\" data-element_type=\"widget\" data-e-type=\"widget\" data-widget_type=\"text-editor.default\">\n\t\t\t\t<div class=\"elementor-widget-container\">\n\t\t\t\t\t\t\t\t\t<p class=\"v1MsoNormal\">\u00a0<strong>RZESZ\u00d3W<\/strong>\u00a0 \u00a0 \u00a0 \u00a0 \u00a0 \u00a0 \u00a0 \u00a0 \u00a0 \u00a0 \u00a0 \u00a0 \u00a0 \u00a0 \u00a0 \u00a0 \u00a0 \u00a0 \u00a0 \u00a0 \u00a0 \u00a0 \u00a0 \u00a0 \u00a0 \u00a0 \u00a0 \u00a0 \u00a0 \u00a0 \u00a0 \u00a0 \u00a0 \u00a0 \u00a0 \u00a0 \u00a0 \u00a0 \u00a0 \u00a0 \u00a0 \u00a0 \u00a0 \u00a0 \u00a0 \u00a0 \u00a0 \u00a0 \u00a0 \u00a0 \u00a0 \u00a0 \u00a0 \u00a0 \u00a0 \u00a0 Kilka dni temu przebywa\u0142 w D\u0119bicy Rzecznik Praw Dziecka Miko\u0142aj Pawlak. Mia\u0142em okazj\u0119 wys\u0142ucha\u0107 jego wyk\u0142adu na temat respektowania praw dzieci niepe\u0142nosprawnych. Bardzo mocno utkwi\u0142a mi w g\u0142owie informacja o telefonie zaufania, z kt\u00f3rego mog\u0105 korzysta\u0107 dzieci maj\u0105ce jakiekolwiek problemy. Specjali\u015bci prowadz\u0105 bardzo wiele takich rozm\u00f3w z dzie\u0107mi, skutecznie reaguj\u0105c na czasami bardzo wielkie problemy ma\u0142ych ludzi. Pomy\u015bla\u0142em sobie, \u017ce warto by by\u0142o wiedzie\u0107, jak nale\u017cy rozmawia\u0107 w takich sytuacjach. Nie spodziewa\u0142em si\u0119, \u017ce tak szybko uzyskam odpowied\u017a na moje pytania.<\/p><p class=\"v1MsoNormal\">Jednym z prelegent\u00f3w konferencji \u00a0by\u0142a El\u017cbieta Telesz, dyrektor Zespo\u0142u Szk\u00f3\u0142 przy Klinicznym Szpitalu Wojew\u00f3dzkim w Rzeszowie, osoba o wielkim do\u015bwiadczeniu. Podzieli\u0142a si\u0119 ona swoimi refleksjami wynikaj\u0105cymi z pracy z dzie\u0107mi po pr\u00f3bach samob\u00f3jczych, umiej\u0119tnie \u0142\u0105cz\u0105c w swojej wypowiedzi praktyk\u0119 z naukowymi faktami. W\u015br\u00f3d wielu wa\u017cnych spraw poruszy\u0142a ona temat konstrukcji pierwszej rozmowy z osob\u0105, kt\u00f3ra mo\u017ce podj\u0105\u0107 pr\u00f3b\u0119 samob\u00f3jcz\u0105. Komunikat sprowadza si\u0119 wtedy w\u0142a\u015bciwie do czterech zda\u0144 we wskazanej kolejno\u015bci. Zdania te uk\u0142adaj\u0105 si\u0119 w ca\u0142o\u015b\u0107, w kt\u00f3rej rozm\u00f3wca nazwie problem dziecka, wyrazi swoje zaniepokojenie i trosk\u0119, by zaproponowa\u0107 pomoc. Technika ta wydaje si\u0119 prosta, ale na pewno wymaga praktyki, by mo\u017cna by\u0142o za jej pomoc\u0105 skutecznie pomaga\u0107 dzieciom, przerywaj\u0105c ich drog\u0119 ku autodestrukcji. W ca\u0142ej prelekcji uderzaj\u0105ca by\u0142a wra\u017cliwo\u015b\u0107 prelegentki na potrzeby dzieci. Ta wra\u017cliwo\u015b\u0107 odznacza\u0142a si\u0119 tak\u017ce w wypowiedzi Ma\u0142gorzaty Pruchnik-Sur\u00f3wki, Kierownik Klinicznego Oddzia\u0142u Psychiatrii dla Dzieci i M\u0142odzie\u017cy w Centrum Medycznym w \u0141a\u0144cucie, a jednocze\u015bnie konsultanta wojew\u00f3dzkiego w zakresie psychiatrii. W tej prelekcji bardzo mocno wybrzmia\u0142y s\u0142owa, \u017ce pr\u00f3ba samob\u00f3jcza to cz\u0119sto efekt braku zainteresowania i wsparcia ze strony doros\u0142ych dla problem\u00f3w dzieci. Znamienne jest tutaj s\u0142owo \u201eznikanie\u201d na okre\u015blenie stanu dziecka, kt\u00f3re nie do\u015bwiadcza zainteresowania ze strony doros\u0142ych. Ale jest tak\u017ce druga strona tej sytuacji &#8211; ot\u00f3\u017c pr\u00f3by samob\u00f3jcze dzieci, udane czy nieudane, stanowi\u0105 tak\u017ce traum\u0119 dla doros\u0142ych: rodzic\u00f3w, nauczycieli, kt\u00f3rzy tak\u017ce potrzebuj\u0105 wsparcia w takiej sytuacji. Wyk\u0142ad zawiera\u0142 r\u00f3wnie\u017c dane statystyczne, z kt\u00f3rych jasno wynika, \u017ce liczba pr\u00f3b samob\u00f3jczych wzrasta. Dok\u0142adne dane na ten temat przedstawi\u0142a nadkom. El\u017cbieta Siupik z Wydzia\u0142u Prewencji Komendy Wojew\u00f3dzkiej Policji w Rzeszowie, koncentruj\u0105c si\u0119 na wojew\u00f3dztwie podkarpackim. Walorem konferencji by\u0142 fakt, \u017ce jej uczestnicy nie pozostali w tym pesymistycznym nastroju pod wp\u0142ywem danych statystycznych, lecz poznali propozycj\u0119 metodyczn\u0105 dotycz\u0105c\u0105 lekcji wychowawczej na tematy zwi\u0105zane z problemem samob\u00f3jstwa. Autorki scenariusza lekcji to Marta Dragan oraz Jolanta Podolak-Zaj\u0105c, doradczynie metodyczne PCEN Rzesz\u00f3w. Zaproponowa\u0142y one zaj\u0119cia dla m\u0142odzie\u017cy, kt\u00f3re nie epatuj\u0105 problemem samob\u00f3jstw, natomiast s\u0105 doskona\u0142\u0105 profilaktyk\u0105, gdy\u017c dotycz\u0105 emocji, konflikt\u00f3w i ich rozwi\u0105zywania, postrzegania szcz\u0119\u015bcia i akceptacji samego siebie, relacji r\u00f3wie\u015bniczych i innych wa\u017cnych dla m\u0142odego cz\u0142owieka spraw. Przedstawione w scenariuszu metody pracy z m\u0142odymi lud\u017ami otwieraj\u0105 na dyskusj\u0119, rozmow\u0119, tak wa\u017cn\u0105 w zapobieganiu samob\u00f3jstwom (doda\u0107 nale\u017cy, \u017ce pomys\u0142odawczyniami takiego tematu konferencji by\u0142y w\u0142a\u015bnie Marta Dragan oraz Jolanta Podolak-Zaj\u0105c).<\/p><p class=\"v1MsoNormal\">Konferencja zosta\u0142a zorganizowana we wsp\u00f3\u0142pracy Pe\u0142nomocnika Wojewody Podkarpackiego ds. Rodziny Rafa\u0142a Czupryka z Podkarpackim Centrum Edukacji Nauczycieli w Rzeszowie pod patronatem: JE. Biskupa Ordynariusza Diecezji Rzeszowskiej Jana W\u0105troby, Wojewody Podkarpackiego Ewy Leniart, Marsza\u0142ka Wojew\u00f3dztwa Podkarpackiego W\u0142adys\u0142awa Ortyla oraz Podkarpackiej Kurator O\u015bwiaty Ma\u0142gorzaty Rauch. W konferencji uczestniczy\u0142a Wojewoda Podkarpacka Ewa Leniart, Podkarpacka Kurator O\u015bwiaty Ma\u0142gorzata Rauch, Podkarpacki Wicekurator O\u015bwiaty Stanis\u0142aw Fundakowski, Dyrektor Podkarpackiego Zespo\u0142u Plac\u00f3wek Wojew\u00f3dzkich Krystyna Wr\u00f3blewska.<\/p><p class=\"v1MsoNormal\">Pozdrawiam<\/p><p class=\"v1MsoNormal\"><b>Dariusz Zi\u0119ba<\/b><\/p><p class=\"v1MsoNormal\">Kierownik Zespo\u0142u Nauczycieli Doradc\u00f3w Metodycznych<\/p><p class=\"v1MsoNormal\">Tel.: 17 853 40 97 w. 48<\/p><p class=\"v1MsoNormal\">E-mail: Dariusz.Zieba@pzpw.pl<\/p>\t\t\t\t\t\t\t\t<\/div>\n\t\t\t\t<\/div>\n\t\t\t\t\t<\/div>\n\t\t<\/div>\n\t\t\t\t\t<\/div>\n\t\t<\/section>\n\t\t\t\t\t<\/div>\n\t\t<\/div>\n\t\t\t\t\t<\/div>\n\t\t<\/section>\n\t\t\t\t<\/div>\n\t\t","protected":false},"excerpt":{"rendered":"<p>Kolejny malarski projekt za nami. Ma\u0142gorzata Kusz wraz z nauczycielami plstyki w swjej sieci, pokaza\u0142a niezwyk\u0142\u0105 si\u0142\u0119 pracy tw\u00f3rczej. Tym razem w \u0141a\u0144cucie. Zapraszamy do obejrzenia skr\u00f3tu reporterskiego z tego wydarzenia.\u00a0 https:\/\/youtu.be\/ef-mhpg_DaU Za nami rok pe\u0142en wyzwa\u0144 i kreatywnych dzia\u0142a\u0144 wok\u00f3\u0142 jednego, niezwykle wa\u017cnego tematu \u2013 drzewa &#8211; symbol \u017cycia, m\u0105dro\u015bci i r\u00f3wnowagi w przyrodzie. [&hellip;]<\/p>\n","protected":false},"author":2,"featured_media":0,"parent":0,"menu_order":0,"comment_status":"open","ping_status":"closed","template":"","meta":{"_uag_custom_page_level_css":"","footnotes":""},"class_list":["post-156","page","type-page","status-publish","hentry"],"uagb_featured_image_src":{"full":false,"thumbnail":false,"medium":false,"medium_large":false,"large":false,"1536x1536":false,"2048x2048":false,"cvmm-medium":false,"cvmm-medium-plus":false,"cvmm-portrait":false,"cvmm-medium-square":false,"cvmm-large":false,"cvmm-small":false,"news-portal-block-medium":false,"news-portal-block-thumb":false,"news-portal-slider-medium":false,"news-portal-carousel-portrait":false,"news-portal-alternate-grid":false},"uagb_author_info":{"display_name":"Wojciech Jakubiec","author_link":"https:\/\/ofdm.pcen.pl\/index.php\/author\/wjakubiec\/"},"uagb_comment_info":1,"uagb_excerpt":"Kolejny malarski projekt za nami. Ma\u0142gorzata Kusz wraz z nauczycielami plstyki w swjej sieci, pokaza\u0142a niezwyk\u0142\u0105 si\u0142\u0119 pracy tw\u00f3rczej. Tym razem w \u0141a\u0144cucie. Zapraszamy do obejrzenia skr\u00f3tu reporterskiego z tego wydarzenia.\u00a0 https:\/\/youtu.be\/ef-mhpg_DaU Za nami rok pe\u0142en wyzwa\u0144 i kreatywnych dzia\u0142a\u0144 wok\u00f3\u0142 jednego, niezwykle wa\u017cnego tematu \u2013 drzewa &#8211; symbol \u017cycia, m\u0105dro\u015bci i r\u00f3wnowagi w przyrodzie.&hellip;","blog_post_layout_featured_media_urls":{"thumbnail":"","full":""},"categories_names":null,"comments_number":"1","wpmagazine_modules_lite_featured_media_urls":{"thumbnail":"","cvmm-medium":"","cvmm-medium-plus":"","cvmm-portrait":"","cvmm-medium-square":"","cvmm-large":"","cvmm-small":"","full":""},"_links":{"self":[{"href":"https:\/\/ofdm.pcen.pl\/index.php\/wp-json\/wp\/v2\/pages\/156","targetHints":{"allow":["GET"]}}],"collection":[{"href":"https:\/\/ofdm.pcen.pl\/index.php\/wp-json\/wp\/v2\/pages"}],"about":[{"href":"https:\/\/ofdm.pcen.pl\/index.php\/wp-json\/wp\/v2\/types\/page"}],"author":[{"embeddable":true,"href":"https:\/\/ofdm.pcen.pl\/index.php\/wp-json\/wp\/v2\/users\/2"}],"replies":[{"embeddable":true,"href":"https:\/\/ofdm.pcen.pl\/index.php\/wp-json\/wp\/v2\/comments?post=156"}],"version-history":[{"count":144,"href":"https:\/\/ofdm.pcen.pl\/index.php\/wp-json\/wp\/v2\/pages\/156\/revisions"}],"predecessor-version":[{"id":2453,"href":"https:\/\/ofdm.pcen.pl\/index.php\/wp-json\/wp\/v2\/pages\/156\/revisions\/2453"}],"wp:attachment":[{"href":"https:\/\/ofdm.pcen.pl\/index.php\/wp-json\/wp\/v2\/media?parent=156"}],"curies":[{"name":"wp","href":"https:\/\/api.w.org\/{rel}","templated":true}]}}